{"id":1168,"date":"2022-09-16T16:23:50","date_gmt":"2022-09-16T15:23:50","guid":{"rendered":"http:\/\/www.le-masque.com\/wp2\/?page_id=1168"},"modified":"2023-09-12T12:52:45","modified_gmt":"2023-09-12T11:52:45","slug":"saison-2022-23","status":"publish","type":"page","link":"http:\/\/www.le-masque.com\/wp2\/saison-2019-2020\/saison-2022-23\/","title":{"rendered":"Saison 2022-23"},"content":{"rendered":"<h3 class=\"rouge\">Dimanche 18 septembre \u00e0 17h<br \/>\n\u00e0 Moutiers en Retz (Bretagne)<br \/>\n\u00ab\u00a0Sur les routes de l&rsquo;Europe\u00a0\u00bb<\/h3>\n<h4 class=\"bordeaux\">Dialogue insolite<\/h4>\n<p>J.S. Bach et la musique fran\u00e7aise<\/p>\n<p>Marc Hervieux, fl\u00fbte \u00e0 bec<br \/>\nBogdan Nesterenko, accord\u00e9on de concert<\/p>\n<h3 class=\"rouge\" style=\"margin-bottom: 10px;\">dimanche 25 septembre \u00e0 16h<br \/>\nTemple du Climont-Urbeis (67)<\/h3>\n<h4 class=\"bordeaux\">Autour de J.S. Bach<\/h4>\n<p>Marc Hervieux, fl\u00fbte \u00e0 bec<br \/>\nBruno Soucaille, clavecin<\/p>\n<h3 class=\"rouge\">vendredi 30 septembre \u00e0 19h<br \/>\nauditorium du Conservatoire de Mulhouse &#8211; 1, rue de Metz<\/h3>\n<h4 class=\"bordeaux\">Le rossignol et le Roi<\/h4>\n<p>Musiques et danses baroques c\u00e9l\u00e9brant les oiseaux,<br \/>\nadapt\u00e9 d&rsquo;un conte de H.C. Andersen<\/p>\n<p>Isabel Devaux, danse baroque<br \/>\nMarc Hervieux, fl\u00fbte \u00e0 bec<br \/>\n<em>(pr\u00e9sentation pour les scolaires le 29 septembre)<\/em><\/p>\n<h3 class=\"rouge\">Dimanche 11 d\u00e9cembre 2022 \u00e0 17h<br \/>\n\u00e9glise Ste Marie \u00e0 Mulhouse<\/h3>\n<h4 class=\"bordeaux\">Sweet passions<\/h4>\n<p>autour du Fairy Queen de Henry Purcell<\/p>\n<p>Emma Gutierrez, soprano<br \/>\nClaire Secordel, fl\u00fbte \u00e0 bec<br \/>\nMarc Hervieux, fl\u00fbte \u00e0 bec<br \/>\nKevin Bourdat, viole de gambe<br \/>\nEva Valtova, orgue<\/p>\n<h3 class=\"rouge\">Samedi 14 janvier 2023 \u00e0 17h<br \/>\n\u00e0 l&rsquo;Auditorium du Conservatoire de Mulhouse<\/h3>\n<h4 class=\"bordeaux\">Dialogue insolite<\/h4>\n<p>Marc Hervieux, fl\u00fbte \u00e0 bec<br \/>\nBogdan Nesterenko, accord\u00e9on de concert<br \/>\nUn programme autour de Johann Sebastian Bach, de Georg Friedrich Haendel et de Charles Dieupart<br \/>\n<a href=\"https:\/\/allevents.in\/mulhouse\/concert-dialogue-insolite\/200023773069512\" rel=\"noopener\" target=\"_blank\">Billetterie en ligne<\/a><\/p>\n<h3 class=\"rouge\">Samedi 1<sup>er<\/sup> Avril 2023 \u00e0 20h<br \/>\n\u00e9glise du Temple Neuf<\/h3>\n<h4 class=\"bordeaux\">Suites de Charles Dieupart : l&rsquo;art de la transposition<\/h4>\n<p>Marc Hervieux, fl\u00fbte \u00e0 bec<br \/>\nKevin Bourdat, viole de gambe<br \/>\nParsival Castro, th\u00e9orbe<br \/>\nRapha\u00ebl Collignon, clavecin<br \/>\n<i>Entr\u00e9e libre, plateau<\/i><\/p>\n<h3 class=\"rouge\">Vendredi 9 juin 2023 \u00e0 20h<br \/>\nM\u00e9diath\u00e8que du Val d&rsquo;Argent &#8211; Ste-Croix-aux-Mines<\/h3>\n<h4 class=\"bordeaux\"><em>Le Rossignol et le Roi<\/em><\/h4>\n<p>Isabelle Devaux, danse<br \/>\nJimmy Patouillard, r\u00e9cit<br \/>\nMarc Hervieux, fl\u00fbte<br \/>\n<i>Gratuit &#8211; sur inscription<\/i><\/p>\n<h3 class=\"rouge\"><em>Dialogue insolite<\/em><br \/>\nSamedi 9 septembre 2023 \u00e0 20h<br \/>\nAuditorium de l&rsquo;Ecole des Arts<br \/>\n15 rue de l&rsquo;\u00c9toile &#8211; Wissembourg<\/h3>\n<h4 class=\"bordeaux\"><em>Bach, Haendel,<\/em> Sonates et Suites du 18<sup>e<\/sup> si\u00e8cle<\/h4>\n<p>Marc Hervieux, fl\u00fbte \u00e0 bec<br \/>\nBogdan Nesterenko, accord\u00e9on de concert<\/p>\n<h2 class=\"rouge\">Concerts \u00e0 l&rsquo;\u00e9glise protestante St Pierre-le-Vieux<\/h2>\n<p>Tarifs, 16, 11 et 6 euros <\/p>\n<h3 class=\"rouge\">Dimanche 20 novembre 2022 \u00e0 17h<\/h3>\n<h4 class=\"bordeaux\">Sonates d&rsquo;Elisabeth Jacquet de la Guerre<\/h4>\n<p>Marc Hervieux, fl\u00fbte \u00e0 bec<br \/>\nChantal Baeumler, viole de gambe<br \/>\nEva Valtova clavecin <\/p>\n<h3 class=\"rouge\">Samedi 7 janvier 2023 \u00e0 20h<\/h3>\n<h4 class=\"bordeaux\">Le Cantique des Cantiques en Italie du 17<sup>e<\/sup> si\u00e8cle<\/h4>\n<p>Aniella Zins, soprano<br \/>\nMarc Hervieux, fl\u00fbte \u00e0 bec<br \/>\nChantal Baeumler, viole de gambe,<br \/>\nJean-S\u00e9bastien Kuhnel, th\u00e9orbe<br \/>\nLionel Picker, r\u00e9citant <\/p>\n<h3 class=\"rouge\">Dimanche 16 avril 2023 \u00e0 17h<\/h3>\n<h4 class=\"bordeaux\">Mi palpita il cor<\/h4>\n<p> airs et sonates de G.F. Haendel<\/h4>\n<p>Fr\u00e9d\u00e9ric Schwab, contre-t\u00e9nor<br \/>\nMarc Hervieux, fl\u00fbte \u00e0 bec<br \/>\nMurielle Pfister, violon<br \/>\nEmma Errera, violon<br \/>\nKevin Bourdat, violoncelle baroque<br \/>\nEva Valtova, clavecin <\/p>\n<h3 class=\"rouge\">Samedi 3 juin 2023 \u00e0 20h<\/h3>\n<h4 class=\"bordeaux\">Concerti d&rsquo;amore d&rsquo;Antonio Vivaldi pour mandoline et pour fl\u00fbte \u00e0 bec<\/h4>\n<p>Oriane Weyl, mandoline<br \/>\nMarc Hervieux, fl\u00fbte \u00e0 bec<br \/>\nChantal Baeumler, viole de gambe<br \/>\nEva Valtova, clavecin <\/p>\n","protected":false},"excerpt":{"rendered":"<p>Dimanche 18 septembre \u00e0 17h \u00e0 Moutiers en Retz (Bretagne) \u00ab\u00a0Sur les routes de l&rsquo;Europe\u00a0\u00bb Dialogue insolite J.S. Bach et la musique fran\u00e7aise Marc Hervieux, fl\u00fbte \u00e0 bec Bogdan Nesterenko, accord\u00e9on de concert dimanche 25 septembre \u00e0 16h Temple du Climont-Urbeis (67) Autour de J.S. Bach Marc Hervieux, fl\u00fbte \u00e0 bec Bruno Soucaille, clavecin vendredi [&hellip;]<\/p>\n","protected":false},"author":1,"featured_media":0,"parent":930,"menu_order":0,"comment_status":"closed","ping_status":"closed","template":"","meta":{"footnotes":""},"_links":{"self":[{"href":"http:\/\/www.le-masque.com\/wp2\/wp-json\/wp\/v2\/pages\/1168"}],"collection":[{"href":"http:\/\/www.le-masque.com\/wp2\/wp-json\/wp\/v2\/pages"}],"about":[{"href":"http:\/\/www.le-masque.com\/wp2\/wp-json\/wp\/v2\/types\/page"}],"author":[{"embeddable":true,"href":"http:\/\/www.le-masque.com\/wp2\/wp-json\/wp\/v2\/users\/1"}],"replies":[{"embeddable":true,"href":"http:\/\/www.le-masque.com\/wp2\/wp-json\/wp\/v2\/comments?post=1168"}],"version-history":[{"count":17,"href":"http:\/\/www.le-masque.com\/wp2\/wp-json\/wp\/v2\/pages\/1168\/revisions"}],"predecessor-version":[{"id":1262,"href":"http:\/\/www.le-masque.com\/wp2\/wp-json\/wp\/v2\/pages\/1168\/revisions\/1262"}],"up":[{"embeddable":true,"href":"http:\/\/www.le-masque.com\/wp2\/wp-json\/wp\/v2\/pages\/930"}],"wp:attachment":[{"href":"http:\/\/www.le-masque.com\/wp2\/wp-json\/wp\/v2\/media?parent=1168"}],"curies":[{"name":"wp","href":"https:\/\/api.w.org\/{rel}","templated":true}]}}