{"id":126,"date":"2016-01-03T11:32:50","date_gmt":"2016-01-03T10:32:50","guid":{"rendered":"http:\/\/www.le-masque.com\/wp2\/?page_id=126"},"modified":"2019-11-05T17:35:38","modified_gmt":"2019-11-05T16:35:38","slug":"saison","status":"publish","type":"page","link":"http:\/\/www.le-masque.com\/wp2\/saison-2019-2020\/saison\/","title":{"rendered":"Saison 2015-2016"},"content":{"rendered":"\n<h3><strong><em>Danses et Symphonies \u00e0 Versailles <\/em><\/strong><\/h3>\n<p><strong>\u00a0<\/strong><\/p>\n<p><strong>Dimanche 27 septembre 2015 \u00e0 17h<\/strong><\/p>\n<p><strong>Strasbourg &#8211; Eglise protestante St Pierre-le-Vieux<\/strong><\/p>\n<p>&nbsp;<\/p>\n<ul>\n<li>Elyse Pasquier, danseuse<\/li>\n<li>Emmanuel Soulhat, danseur<\/li>\n<li>Marc Hervieux, fl\u00fbte \u00e0 bec<\/li>\n<li>Delphine Gros, violon,<\/li>\n<li>Isabelle Feuillie, viole de gambe<\/li>\n<li>Jean-S\u00e9bastien Kuhnel, th\u00e9orbe<\/li>\n<li>Eva Valtova, clavecin<\/li>\n<\/ul>\n<p>&nbsp;<\/p>\n<p style=\"text-align: justify;\">Ce spectacle pr\u00e9sente des bijoux de musique et de danse con\u00e7us pour \u00eatre entendus et vus ensemble,dans le Bal de cour et au Th\u00e9\u00e2tre lors des divertissements priv\u00e9s et publics, Op\u00e9ra-Ballets et Com\u00e9die- Ballet.<\/p>\n<p style=\"text-align: justify;\">Au XVII\u00e8me si\u00e8cle, l&rsquo;art de la danse et de ses caract\u00e8res, courante,menuet, rigaudon, sarabande, gigue, chaconne, etc&#8230; d\u00e9voile l&rsquo; extr\u00eame intimit\u00e9 de la musique et de la danse qui jouent ensemble dans le r\u00e9pertoire de Jean-Baptiste Lully, Andr\u00e9 Campra, Marin Marais et des compositeurs de danse, Pierre Beauchamp , Louis P\u00e9cour, si bien que le mot caract\u00e8re devient musical autant que chor\u00e9graphique.<\/p>\n<p style=\"text-align: justify;\">Des pi\u00e8ces instrumentales de Fran\u00e7ois Couperin ou Marc-Antoine Charpentier r\u00e9sonneront entre les chor\u00e9graphies propos\u00e9es par les danseurs, Elyse Pasquier et Emmanuel Soulhat.<\/p>\n<p style=\"text-align: center;\"><img loading=\"lazy\" decoding=\"async\" class=\"aligncenter size-full wp-image-465\" src=\"http:\/\/www.le-masque.com\/wp2\/wp-content\/uploads\/2016\/01\/Danses-et-symphonies-2015-1.jpg\" alt=\"Danses-et-symphonies-2015\" width=\"626\" height=\"886\" srcset=\"http:\/\/www.le-masque.com\/wp2\/wp-content\/uploads\/2016\/01\/Danses-et-symphonies-2015-1.jpg 626w, http:\/\/www.le-masque.com\/wp2\/wp-content\/uploads\/2016\/01\/Danses-et-symphonies-2015-1-212x300.jpg 212w\" sizes=\"(max-width: 626px) 100vw, 626px\" \/><\/p>\n<hr \/>\n<h3><strong><em>Confidences d&rsquo;un ma\u00eetre oubli\u00e9<\/em><\/strong><\/h3>\n<p><strong><em>sonates pour fl\u00fbte et pour violon avec basse de Martino Bitti (1655-1737)<\/em><\/strong><\/p>\n<p><strong>\u00a0<\/strong><\/p>\n<p><strong>Dimanche 18 octobre 2015 \u00e0 17h<\/strong><\/p>\n<p><strong>\u00e0 l&rsquo;\u00e9glise r\u00e9form\u00e9e du Bouclier<\/strong><\/p>\n<p><strong>\u00a0<\/strong><\/p>\n<p><strong>en d\u00e9cembre 2015<\/strong><\/p>\n<p><strong>Strasbourg &#8211; Eglise protestante St Pierre-le-Vieux<\/strong><\/p>\n<p><strong>\u00a0<\/strong><\/p>\n<ul>\n<li>Marc Hervieux, fl\u00fbte \u00e0 bec<\/li>\n<li>Claire Foltzer, violon<\/li>\n<li>Chantal Baeumler, viole de gambe<\/li>\n<li>Jean-S\u00e9bastien Kuhnel, th\u00e9orbe et guitare baroque<\/li>\n<li>Eva Valtova, clavecin et orgue positif<\/li>\n<\/ul>\n<p>&nbsp;<\/p>\n<p style=\"text-align: justify;\">Martino Bitti a fait ses \u00e9tudes musicales \u00e0 Venise aupr\u00e8s de Giovanni Battista Vivaldi,le p\u00e8re d&rsquo; Antonio et a pass\u00e9 une grande partie de sa carri\u00e8re de violoniste et de compositeur en Toscane au service de la Cour de Ferdinand de M\u00e9dicis.<\/p>\n<p style=\"text-align: justify;\">Les musiciens proposent des sonates pour violon et basse, des sonates pour fl\u00fbte \u00e0 bec et la basse, et enfin une sonate en trio o\u00f9 vont se croiser la fl\u00fbte et le violon. Ces diff\u00e9rentes pi\u00e8ces aux combinaisons instrumentales vari\u00e9es \u00e9voquent les multiples personnalit\u00e9s de Bitti. Semblables \u00e0 des personnages de la commedia dell&rsquo; Arte ou \u00e0 des marionnnettes d&rsquo;op\u00e9ra bien connues \u00e0 Venise \u00e0 la fin du 17\u00e8me si\u00e8cle, les instruments, avec leurs humeurs et leurs caract\u00e8res utilis\u00e9s par Bitti cr\u00e9ent un style distinct et singulier.<\/p>\n<p style=\"text-align: justify;\">Extraverties, les sonates pour violon rappellent le caract\u00e8re \u00e0 la fois th\u00e9\u00e2tral et improvis\u00e9 de Biber.<\/p>\n<p style=\"text-align: justify;\">Plus modestes dans leur forme, Les sonates pour fl\u00fbte sont touchantes, sensibles, et proches du go\u00fbt fran\u00e7ais.Dans l&rsquo;esprit de Corelli, la sonate en trio nous fait penser aux canzone du 17\u00e8me si\u00e8cle \u00e9crites dans un style plus archa\u00efque.<\/p>\n<p style=\"text-align: justify;\">Pour la maison de disques Rainbow classics de Venise, distribu\u00e9e en France et \u00e0 l&rsquo; \u00e9tranger, le Masque va r\u00e9aliser un enregistrement autour de ce compositeur. L&rsquo;enregistrement est pr\u00e9vu les 22, 23 et 24 janvier \u00e0 l&rsquo; \u00e9glise du Bouclier \u00e0 Strasbourg.<\/p>\n<p style=\"text-align: center;\"><img loading=\"lazy\" decoding=\"async\" class=\"aligncenter size-full wp-image-463\" src=\"http:\/\/www.le-masque.com\/wp2\/wp-content\/uploads\/2016\/01\/Affiche-18-octobre-2015.jpeg\" alt=\"Affiche 18 octobre 2015\" width=\"595\" height=\"842\" srcset=\"http:\/\/www.le-masque.com\/wp2\/wp-content\/uploads\/2016\/01\/Affiche-18-octobre-2015.jpeg 595w, http:\/\/www.le-masque.com\/wp2\/wp-content\/uploads\/2016\/01\/Affiche-18-octobre-2015-212x300.jpeg 212w\" sizes=\"(max-width: 595px) 100vw, 595px\" \/><\/p>\n<hr \/>\n<h3><strong><em>Boismortier, musicien \u00e0 la cour des lumi\u00e8res<br \/>\n<\/em><\/strong><\/h3>\n<p>&nbsp;<\/p>\n<p><strong>Dimanche 28 f\u00e9vrier 2016 \u00e0 17h<\/strong><\/p>\n<p><strong>Strasbourg &#8211; Eglise protestante St Pierre-le-Vieux<\/strong><\/p>\n<p><strong>\u00a0<\/strong><\/p>\n<ul>\n<li>Aniella Zins, soprano<\/li>\n<li>Marc Hervieux, fl\u00fbte \u00e0 bec<\/li>\n<li>Delphine Gros,violon<\/li>\n<li>Isabelle Feuillie, viole de gambe<\/li>\n<li>Jean- S\u00e9bastien Kuhnel, th\u00e9orbe, guitare<\/li>\n<\/ul>\n<p>&nbsp;<\/p>\n<p style=\"text-align: justify;\">Boismortier reste un compositeur peu connu, peut-\u00eatre jalous\u00e9 ou sous-estim\u00e9 \u00e0 son \u00e9poque pour une trop grande production ou pour son ind\u00e9pendance financi\u00e8re.<\/p>\n<p style=\"text-align: justify;\">Il est un musicien du changement, il aime l&rsquo; Italie et la l\u00e9g\u00e8ret\u00e9. Il s&rsquo; \u00e9carte du go\u00fbt de Versailles et donne \u00e0 la musique un autre r\u00f4le,une autre sensibilit\u00e9.<\/p>\n<p style=\"text-align: justify;\">La musique devait davantage plaire, s\u00e9duire et \u00eatre \u00e0 la port\u00e9e de tous. Boismortier s&rsquo;inscrit dans un ouvement pastoral et populaire pris\u00e9 de la noblesse et de la bourgeoisie parisienne, amatrice de musique.<\/p>\n<p style=\"text-align: justify;\">Des cantates extraites des Saisons, des suites instrumentales propos\u00e9es vont illustrer cette nouvelle p\u00e9riode foisonnante de recherches et d&rsquo;exp\u00e9riences musicales.<\/p>\n<p style=\"text-align: center;\"><img loading=\"lazy\" decoding=\"async\" class=\"aligncenter size-large wp-image-385\" src=\"http:\/\/www.le-masque.com\/wp2\/wp-content\/uploads\/2016\/01\/2016.02.28.affiche-724x1024.jpeg\" alt=\"2016.02.28.affiche\" width=\"640\" height=\"905\" srcset=\"http:\/\/www.le-masque.com\/wp2\/wp-content\/uploads\/2016\/01\/2016.02.28.affiche-724x1024.jpeg 724w, http:\/\/www.le-masque.com\/wp2\/wp-content\/uploads\/2016\/01\/2016.02.28.affiche-212x300.jpeg 212w\" sizes=\"(max-width: 640px) 100vw, 640px\" \/><\/p>\n<hr \/>\n<h3><strong><em>Telemann, le magicien des couleurs<br \/>\n<\/em><\/strong><\/h3>\n<p>&nbsp;<\/p>\n<p><strong>Dimanche 24 avril 2016 \u00e0 17h<\/strong><\/p>\n<p><strong>Strasbourg &#8211; Eglise r\u00e9form\u00e9e du Bouclier <\/strong><\/p>\n<p>&nbsp;<\/p>\n<ul>\n<li>Anne-Ir\u00e8ne Kempf, alto<\/li>\n<li>Marc Hervieux, fl\u00fbte \u00e0 bec<\/li>\n<li>H\u00e9l\u00e8ne, Rydzek, viole de gambe<\/li>\n<li>Eva Valtova, clavecin<\/li>\n<\/ul>\n<p>&nbsp;<\/p>\n<p style=\"text-align: justify;\">Quand on \u00e9voque Telemann, on pense toujours \u00e0 l&rsquo;homme et au compositeur attach\u00e9 aux go\u00fbts et aux styles des Nations Europ\u00e9ennes du 18\u00e8me si\u00e8cle, le style italien et le style fran\u00e7ais&#8230;<\/p>\n<p style=\"text-align: justify;\">Avant d&rsquo;\u00eatre compositeur, Telemann savait jouer d&rsquo;une trentaine d&rsquo;instruments et avait une grande connaissance de leurs possibilit\u00e9s tant expressives que techniques.<\/p>\n<p style=\"text-align: justify;\">Il \u00e9tait impr\u00e9gn\u00e9 par leurs sonorit\u00e9s et, jamais un compositeur, \u00e0 son \u00e9poque, \u00e0 part Vivaldi, n&rsquo;a compos\u00e9 des concerti pour des instruments aussi rares que le chalumeau, le cor, la viole de gambe ou l&rsquo;alto.<\/p>\n<p style=\"text-align: justify;\">Il aimait les associer \u00e0 des voix dans les cantates et a toujours cherch\u00e9 dans son oeuvre, \u00e0 donner \u00e0 ces instruments leur v\u00e9ritable couleur, leur v\u00e9ritable personnalit\u00e9 et cr\u00e9er une atmosph\u00e8re surprenante.<\/p>\n<p style=\"text-align: justify;\">Ce programme va faire entendre les instruments, dont l&rsquo;alto en solo mais aussi en trio, se croiser dans des pi\u00e8ces concertantes.<\/p>\n<p style=\"text-align: center;\"><img loading=\"lazy\" decoding=\"async\" class=\"aligncenter size-large wp-image-478\" src=\"http:\/\/www.le-masque.com\/wp2\/wp-content\/uploads\/2016\/03\/2016.04.24.affiche-724x1024.jpg\" alt=\"2016.04.24.affiche\" width=\"640\" height=\"905\" srcset=\"http:\/\/www.le-masque.com\/wp2\/wp-content\/uploads\/2016\/03\/2016.04.24.affiche-724x1024.jpg 724w, http:\/\/www.le-masque.com\/wp2\/wp-content\/uploads\/2016\/03\/2016.04.24.affiche-212x300.jpg 212w\" sizes=\"(max-width: 640px) 100vw, 640px\" \/><\/p>\n<hr \/>\n<h3><strong><em>Confessions d&rsquo;un ma\u00eetre oubli\u00e9, Martino Bitti<br \/>\n<\/em><\/strong><\/h3>\n<p>&nbsp;<\/p>\n<p><strong>Dimanche 1er mai 2016 &#8211; 17h00.<br \/>\n<\/strong><\/p>\n<p><strong>Strasbourg &#8211; Eglise r\u00e9form\u00e9e du Bouclier <\/strong><\/p>\n<p>&nbsp;<\/p>\n<ul>\n<li style=\"text-align: justify;\">Marc Hervieux, fl\u00fbte \u00e0 bec<\/li>\n<li style=\"text-align: justify;\">Chantal Baeumler, viole de gambe<\/li>\n<li style=\"text-align: justify;\">Jean-S\u00e9bastien Kuhnel, th\u00e9orbe<\/li>\n<li style=\"text-align: justify;\">Eva Valtova, clavecin<\/li>\n<\/ul>\n<p style=\"text-align: justify;\">Au profit du <em>Bouclier.<\/em><\/p>\n<p style=\"text-align: center;\"><img loading=\"lazy\" decoding=\"async\" class=\"aligncenter size-full wp-image-509\" src=\"http:\/\/www.le-masque.com\/wp2\/wp-content\/uploads\/2016\/01\/Affiche-1-mai-2016.jpeg\" alt=\"Affiche-1-mai-2016\" width=\"595\" height=\"842\" srcset=\"http:\/\/www.le-masque.com\/wp2\/wp-content\/uploads\/2016\/01\/Affiche-1-mai-2016.jpeg 595w, http:\/\/www.le-masque.com\/wp2\/wp-content\/uploads\/2016\/01\/Affiche-1-mai-2016-212x300.jpeg 212w\" sizes=\"(max-width: 595px) 100vw, 595px\" \/><\/p>\n<hr \/>\n<h3><strong><em>Dialogue insolite<\/em><\/strong><\/h3>\n<p>&nbsp;<\/p>\n<p><strong>Samedi 21 mai 2016<\/strong><\/p>\n<p><strong>Sarre-Union &#8211; Temple Dimanche 22 mai<br \/>\n<\/strong><\/p>\n<p>&nbsp;<\/p>\n<p><strong>Dimanche 29 mai 2016 &#8211; 18h00 <\/strong><\/p>\n<p><strong>Strasbourg &#8211; Eglise r\u00e9form\u00e9e du Bouclier <\/strong><\/p>\n<p>&nbsp;<\/p>\n<ul>\n<li><strong>\u00a0<\/strong>Bogdan Nesterenko, accord\u00e9on<\/li>\n<li>Marc Hervieux, fl\u00fbtes \u00e0 bec<\/li>\n<\/ul>\n<p>&nbsp;<\/p>\n<p style=\"text-align: justify;\">Bogdan Nesterenko et Marc Hervieux travaillent depuis un peu plus d&rsquo;un an.<\/p>\n<p style=\"text-align: justify;\">Ensemble, et depuis cette p\u00e9riode, ils essayent, exp\u00e9rimentent, fabriquent diff\u00e9rents programmes.<\/p>\n<p style=\"text-align: justify;\">Ce programme, compos\u00e9 d\u2019\u0153uvres connues et moins connues de J.S. Bach et G.F.Haendel convenant bien \u00e0 leur formation, fera par ailleurs l&rsquo;objet d&rsquo;un disque pr\u00e9vu en septembre 2016.<\/p>\n<p style=\"text-align: justify;\">Une formation insolite, improbable associant deux instruments, la fl\u00fbte \u00e0 bec et l&rsquo;accord\u00e9on de concert, qui ne se sont jamais rencontr\u00e9s dans l&rsquo;Histoire de la Musique. La fl\u00fbte \u00e0 bec, un instrument, attach\u00e9 aux r\u00e9pertoires de la Renaissance et de la p\u00e9riode baroque, l&rsquo;accord\u00e9on, un instrument li\u00e9 \u00e0 la musique de la fin du 19\u00e8me si\u00e8cle jusqu&rsquo;\u00e0 aujourd&rsquo;hui, d\u00e9passant toutes les fronti\u00e8res temporelles et musicales&#8230; Et pourtant ces deux instruments, li\u00e9s par un seul souffle surprennent par leur complicit\u00e9, et leur palette de sons si proche&#8230;<\/p>\n<p style=\"text-align: justify;\">Ce concert propose une autre rencontre improbable, celle de Bach et de de Haendel, deux compositeurs g\u00e9niaux qui finalement, au-del\u00e0 de l&rsquo;immense respect qu&rsquo;ils avaient l&rsquo;un pour l&rsquo;autre, ne se sont jamais crois\u00e9s \u00e0 leur \u00e9poque&#8230;.<\/p>\n<p style=\"text-align: justify;\">Au programme, des sonates en trio de Bach, appel\u00e9es sonates avec fl\u00fbte et clavecin oblig\u00e9e o\u00f9 la main droite du clavier dialogue avec la fl\u00fbte pendant que la main gauche joue la basse. Ces sonates concertantes en trois mouvements offrent un dialogue continu et expressif entre les deux instruments. Les sonates de Haendel, plus classiques dans la forme, illustrent bien le credo presque obsessionnel de Haendel; faire chanter les instruments dans les mouvements lents, semblables \u00e0 des airs d&rsquo;op\u00e9ra. Dans les mouvements contrast\u00e9s, les instruments rivalisent de virtuosit\u00e9 et de th\u00e9\u00e2tralit\u00e9&#8230;<\/p>\n<p style=\"text-align: center;\"><img loading=\"lazy\" decoding=\"async\" class=\"aligncenter size-large wp-image-523\" src=\"http:\/\/www.le-masque.com\/wp2\/wp-content\/uploads\/2016\/01\/20160529-735x1024.jpg\" alt=\"20160529\" width=\"640\" height=\"892\" srcset=\"http:\/\/www.le-masque.com\/wp2\/wp-content\/uploads\/2016\/01\/20160529-735x1024.jpg 735w, http:\/\/www.le-masque.com\/wp2\/wp-content\/uploads\/2016\/01\/20160529-215x300.jpg 215w, http:\/\/www.le-masque.com\/wp2\/wp-content\/uploads\/2016\/01\/20160529.jpg 933w\" sizes=\"(max-width: 640px) 100vw, 640px\" \/><\/p>\n<hr \/>\n<h3><strong><em>Dialogue insolite<\/em><\/strong>,<em> autour de Bach et Haendel<\/em><\/h3>\n<p>&nbsp;<\/p>\n<p><strong>Dimanche 22 mai 2016<br \/>\n<\/strong><\/p>\n<p><strong>Abbatiale d&rsquo; Ebersmunster<\/strong><\/p>\n<p>&nbsp;<\/p>\n<ul>\n<li>Marc Hervieux, fl\u00fbte \u00e0 bec<\/li>\n<li>Bogdan Nesterenko, accord\u00e9on de concert<\/li>\n<li>Bruno Soucaille, orgue<\/li>\n<\/ul>\n<hr \/>\n<h3><strong><em>Dialogue insolite<\/em><\/strong>,<em> autour de Bach et Haendel<\/em><\/h3>\n<p>&nbsp;<\/p>\n<p><strong>Vendredi 27 mai 2016<br \/>\n<\/strong><\/p>\n<p><strong>Strasbourg, Au si\u00e8ge des DNA<br \/>\n<\/strong><\/p>\n<p>Concert priv\u00e9 sur invitation des Derni\u00e8res Nouvelles d&rsquo;Alsace.<\/p>\n<ul>\n<li>Marc Hervieux, fl\u00fbte \u00e0 bec<\/li>\n<li>Bogdan Nesterenko, accord\u00e9on de concert<\/li>\n<\/ul>\n<p style=\"text-align: center;\"><img loading=\"lazy\" decoding=\"async\" class=\"aligncenter size-large wp-image-511\" src=\"http:\/\/www.le-masque.com\/wp2\/wp-content\/uploads\/2016\/01\/2016.05.27.affiche-724x1024.jpg\" alt=\"2016.05.27.affiche\" width=\"640\" height=\"905\" srcset=\"http:\/\/www.le-masque.com\/wp2\/wp-content\/uploads\/2016\/01\/2016.05.27.affiche-724x1024.jpg 724w, http:\/\/www.le-masque.com\/wp2\/wp-content\/uploads\/2016\/01\/2016.05.27.affiche-212x300.jpg 212w\" sizes=\"(max-width: 640px) 100vw, 640px\" \/><\/p>\n<hr \/>\n<h3><em><strong>L&rsquo; Europe baroque selon Jacob van Eyck<\/strong><\/em><\/h3>\n<p>&nbsp;<\/p>\n<p><strong>Dimanche 5 juin 2016<\/strong><\/p>\n<p><strong>Belfort, H\u00f4tel de ville<\/strong><\/p>\n<ul>\n<li>Aniella Zins, soprano<\/li>\n<li>Marc Hervieux, fl\u00fbte \u00e0 bec<\/li>\n<li>Isabelle Feuillie, viole de gambe<\/li>\n<li>Jean S\u00e9bastien, Kuhnel, th\u00e9orbe et guitare<\/li>\n<li>Eva Valtova, clavecin<\/li>\n<\/ul>\n<hr \/>\n<h3><em><strong>Autour de Jean de La Fontaine<\/strong><\/em><\/h3>\n<p>&nbsp;<\/p>\n<p><strong>Samedi 18 juin 2016 <\/strong><\/p>\n<p><strong>Eglise catholique de Toges (Ardennes)<\/strong><\/p>\n<ul>\n<li>Alain Moussay, com\u00e9dien<\/li>\n<li>Aniella Zins, soprano<\/li>\n<li>Marc Hervieux, fl\u00fbte \u00e0 bec<\/li>\n<li>Chantal Baeumler, viole de gambe<\/li>\n<li>Jean S\u00e9bastien, Kuhnel, th\u00e9orbe et guitare<\/li>\n<\/ul>\n<p>&nbsp;<\/p>\n","protected":false},"excerpt":{"rendered":"<p>Danses et Symphonies \u00e0 Versailles \u00a0 Dimanche 27 septembre 2015 \u00e0 17h Strasbourg &#8211; Eglise protestante St Pierre-le-Vieux &nbsp; Elyse Pasquier, danseuse Emmanuel Soulhat, danseur Marc Hervieux, fl\u00fbte \u00e0 bec Delphine Gros, violon, Isabelle Feuillie, viole de gambe Jean-S\u00e9bastien Kuhnel, th\u00e9orbe Eva Valtova, clavecin &nbsp; Ce spectacle pr\u00e9sente des bijoux de musique et de danse [&hellip;]<\/p>\n","protected":false},"author":1,"featured_media":0,"parent":930,"menu_order":0,"comment_status":"closed","ping_status":"closed","template":"","meta":{"footnotes":""},"_links":{"self":[{"href":"http:\/\/www.le-masque.com\/wp2\/wp-json\/wp\/v2\/pages\/126"}],"collection":[{"href":"http:\/\/www.le-masque.com\/wp2\/wp-json\/wp\/v2\/pages"}],"about":[{"href":"http:\/\/www.le-masque.com\/wp2\/wp-json\/wp\/v2\/types\/page"}],"author":[{"embeddable":true,"href":"http:\/\/www.le-masque.com\/wp2\/wp-json\/wp\/v2\/users\/1"}],"replies":[{"embeddable":true,"href":"http:\/\/www.le-masque.com\/wp2\/wp-json\/wp\/v2\/comments?post=126"}],"version-history":[{"count":22,"href":"http:\/\/www.le-masque.com\/wp2\/wp-json\/wp\/v2\/pages\/126\/revisions"}],"predecessor-version":[{"id":580,"href":"http:\/\/www.le-masque.com\/wp2\/wp-json\/wp\/v2\/pages\/126\/revisions\/580"}],"up":[{"embeddable":true,"href":"http:\/\/www.le-masque.com\/wp2\/wp-json\/wp\/v2\/pages\/930"}],"wp:attachment":[{"href":"http:\/\/www.le-masque.com\/wp2\/wp-json\/wp\/v2\/media?parent=126"}],"curies":[{"name":"wp","href":"https:\/\/api.w.org\/{rel}","templated":true}]}}