{"id":1332,"date":"2024-10-12T20:02:42","date_gmt":"2024-10-12T19:02:42","guid":{"rendered":"http:\/\/www.le-masque.com\/wp2\/?page_id=1332"},"modified":"2024-10-12T20:31:34","modified_gmt":"2024-10-12T19:31:34","slug":"saison-2024-25","status":"publish","type":"page","link":"http:\/\/www.le-masque.com\/wp2\/saison-2019-2020\/saison-2024-25\/","title":{"rendered":"Saison 2024-25"},"content":{"rendered":"<h3 class=\"rouge\">Samedi 16 novembre \u00e0 20h \u00e0 l\u2019\u00e9glise protestante St Pierre-le-Vieux<\/h3>\n<h4 class=\"bordeaux\"><em>Les Go\u00fbts r\u00e9unis dans l\u2019Europe baroque<\/em><\/h4>\n<p style=\"margin-top:20px\">Marta Kratochvilova, traverso<br \/>\nMarc Hervieux, fl\u00fbte \u00e0 bec<br \/>\nChantal Baeumler, viole de gambe<br \/>\nParsival Castro, th\u00e9orbe<\/p>\n<h3 class=\"rouge\">Dimanche 12 janvier 2025 \u00e0 17h au Temple Neuf<\/h3>\n<h4 class=\"bordeaux\"><em>Paroles d\u2019oiseaux<\/em><\/h4>\n<h4>textes contemporains et musiques<\/h4>\n<p style=\"margin-top:20px\">Fr\u00e9d\u00e9ric Solunto, com\u00e9dien<br \/>\nMarc Hervieux, fl\u00fbte \u00e0 bec<\/p>\n<h3 class=\"rouge\">dimanche 2 f\u00e9vrier 2025 \u00e0 17h au Temple Neuf<\/h3>\n<h4 class=\"bordeaux\"><em>Chaconnes, Folies et Passacailles&#8230;<\/em> de France et d&rsquo;ailleurs<\/h4>\n<p style=\"margin-top:20px\">Isabel Devaux, danse baroque<br \/>\nMarc Hervieux, fl\u00fbte \u00e0 bec<br \/>\nBogdan Nesterenko, accord\u00e9on de concert <\/p>\n<h3 class=\"rouge\">Dimanche 4 mai \u00e0 17h au Temple Neuf<\/h3>\n<h4 class=\"bordeaux\"><em>Dans le go\u00fbt italien<\/em><\/h4>\n<h4 class=\"bordeaux\">Cantates et sonates de l\u2019\u00e9poque d\u2019Alessandro Scarlatti<\/h4>\n<p style=\"margin-top:20px\">Julia Renoeckl, soprano<br \/>\nMarc Hervieux, fl\u00fbte \u00e0 bec<br \/>\nChantal Baeumler, viole de gambe<br \/>\nParsival Castro, th\u00e9orbe<\/p>\n<h3 class=\"rouge\">Dimanche 22 juin \u00e0 17h au Temple Neuf<\/h3>\n<h4 class=\"bordeaux\"><em>Telemannia \u2013 Fantaisies \u00e0 trois<\/em><\/h4>\n<p style=\"margin-top:20px\">Marta Kratochvilov\u00e1<br \/>\nMarc Hervieux, fl\u00fbte \u00e0 bec<br \/>\nMarian Friedl, contrebasse<\/p>\n<p>\u00a0                                                                                                                        \u00a0<\/p>\n","protected":false},"excerpt":{"rendered":"<p>Samedi 16 novembre \u00e0 20h \u00e0 l\u2019\u00e9glise protestante St Pierre-le-Vieux Les Go\u00fbts r\u00e9unis dans l\u2019Europe baroque Marta Kratochvilova, traverso Marc Hervieux, fl\u00fbte \u00e0 bec Chantal Baeumler, viole de gambe Parsival Castro, th\u00e9orbe Dimanche 12 janvier 2025 \u00e0 17h au Temple Neuf Paroles d\u2019oiseaux textes contemporains et musiques Fr\u00e9d\u00e9ric Solunto, com\u00e9dien Marc Hervieux, fl\u00fbte \u00e0 bec [&hellip;]<\/p>\n","protected":false},"author":1,"featured_media":0,"parent":930,"menu_order":0,"comment_status":"closed","ping_status":"closed","template":"","meta":{"footnotes":""},"_links":{"self":[{"href":"http:\/\/www.le-masque.com\/wp2\/wp-json\/wp\/v2\/pages\/1332"}],"collection":[{"href":"http:\/\/www.le-masque.com\/wp2\/wp-json\/wp\/v2\/pages"}],"about":[{"href":"http:\/\/www.le-masque.com\/wp2\/wp-json\/wp\/v2\/types\/page"}],"author":[{"embeddable":true,"href":"http:\/\/www.le-masque.com\/wp2\/wp-json\/wp\/v2\/users\/1"}],"replies":[{"embeddable":true,"href":"http:\/\/www.le-masque.com\/wp2\/wp-json\/wp\/v2\/comments?post=1332"}],"version-history":[{"count":4,"href":"http:\/\/www.le-masque.com\/wp2\/wp-json\/wp\/v2\/pages\/1332\/revisions"}],"predecessor-version":[{"id":1337,"href":"http:\/\/www.le-masque.com\/wp2\/wp-json\/wp\/v2\/pages\/1332\/revisions\/1337"}],"up":[{"embeddable":true,"href":"http:\/\/www.le-masque.com\/wp2\/wp-json\/wp\/v2\/pages\/930"}],"wp:attachment":[{"href":"http:\/\/www.le-masque.com\/wp2\/wp-json\/wp\/v2\/media?parent=1332"}],"curies":[{"name":"wp","href":"https:\/\/api.w.org\/{rel}","templated":true}]}}