{"id":150,"date":"2016-01-04T23:37:22","date_gmt":"2016-01-04T22:37:22","guid":{"rendered":"http:\/\/www.le-masque.com\/wp2\/?page_id=150"},"modified":"2016-02-04T10:54:17","modified_gmt":"2016-02-04T09:54:17","slug":"programmes-de-concerts","status":"publish","type":"page","link":"http:\/\/www.le-masque.com\/wp2\/le-masque\/programmes-de-concerts\/","title":{"rendered":"Programmes de concerts"},"content":{"rendered":"\n<p><a href=\"http:\/\/www.le-masque.com\/wp2\/wp-content\/uploads\/2016\/02\/Programmes-2016-sans-prix.pdf\">T\u00e9l\u00e9charger le flyer des programmes<\/a><\/p>\n<h3 style=\"text-align: left;\">Autour du Fairy Queen d&rsquo;Henry Purcell<\/h3>\n<p style=\"text-align: left;\">Une version intimiste d&rsquo;extraits (airs et danses) d&rsquo;un des plus beaux \u00ab\u00a0op\u00e9ras\u00a0\u00bb de Purcell inspir\u00e9 du <em>Songe d&rsquo;une nuit d&rsquo;\u00e9t\u00e9<\/em> de Shakespeare<\/p>\n<ul>\n<li style=\"text-align: left;\">Aniella ZINS, soprano<\/li>\n<li style=\"text-align: left;\">Marc HERVIEUX, \ufb02\u00fbtes \u00e0 bec<\/li>\n<li style=\"text-align: left;\">Claire SECORDEL, fl\u00fbtes \u00e0 bec<\/li>\n<li style=\"text-align: left;\">Catherine WOHLHUTER, fl\u00fbtes \u00e0 bec<\/li>\n<li style=\"text-align: left;\">H\u00e9l\u00e8ne RYDZEK, viole de gambe<\/li>\n<li style=\"text-align: left;\">Christine H\u00c9RAUD, clavecin<\/li>\n<\/ul>\n<p style=\"text-align: left;\">Plus d&rsquo;informations sur les artistes sur la page du <a href=\"http:\/\/www.le-masque.com\/wp2\/le-masque\/\">Masque<\/a>;<\/p>\n<p>Dur\u00e9e: <strong>1h10 de concert<\/strong><\/p>\n<p style=\"text-align: center;\"><span class=\"youtube\"><iframe loading=\"lazy\" title=\"YouTube video player\" class=\"youtube-player\" type=\"text\/html\" width=\"640\" height=\"505\" src=\"\/\/www.youtube.com\/embed\/1lqOGThsS34?wmode=transparent&amp;fs=1&amp;hl=en&amp;modestbranding=1&amp;iv_load_policy=3&amp;showsearch=0&amp;rel=0&amp;theme=dark\" frameborder=\"0\" allowfullscreen><\/iframe><\/span><\/p>\n<p style=\"text-align: justify;\">L&rsquo;ensemble Le Masque qui tire son nom de ce divertissement de cour tr\u00e8s en vogue en Angleterre \u00e0 la fin du XVII <sup>\u00e8me<\/sup> si\u00e8cle &#8211; \u00ab\u00a0the Mask\u00a0\u00bb &#8211; , pr\u00e9sente une version de poche de l&rsquo; Op\u00e9ra \u00ab\u00a0Fairy Queen\u00a0\u00bb d&rsquo;Henri Purcell, dont le livret est une adaptation du <em>Songe <\/em><em>d&rsquo;une nuit d&rsquo;\u00e9t\u00e9<\/em> de William Shakespeare.<\/p>\n<p style=\"text-align: justify;\"><style type=\"text\/css\">.easingslider-280 { max-width: 640px; }.easingslider-280 .easingslider-image { max-height: 400px; max-width: 640px; }.easingslider-280 .easingslider-fade-in, .easingslider-fade-out { -webkit-animation-duration: 400ms; -moz-animation-duration: 400ms; animation-duration: 400ms; }<\/style><script type=\"text\/javascript\">window.EasingSlider280 = {\"width\":640,\"height\":400,\"singleItem\":true,\"items\":1,\"itemsDesktop\":false,\"itemsDesktopSmall\":false,\"itemsTablet\":false,\"itemsTabletSmall\":false,\"itemsMobile\":false,\"responsive\":true,\"lazyLoad\":true,\"autoPlay\":4000,\"slideSpeed\":400,\"navigation\":true,\"navigationText\":[\"\",\"\"],\"pagination\":true,\"autoHeight\":false,\"mouseDrag\":false,\"touchDrag\":false,\"addClassActive\":true,\"transitionStyle\":\"fade\"};<\/script><div data-id=\"280\" class=\"easingslider easingslider-280 easingslider-container easingslider-resizing-enabled easingslider-aspect-ratio easingslider-arrows-inside easingslider-pagination-inside easingslider-pagination-bottom-center\"><div class=\"easingslider-slide\"><a href=\"none\" target=\"\"><img decoding=\"async\" src=\"http:\/\/www.le-masque.com\/wp2\/wp-content\/plugins\/easing-slider\/assets\/images\/placeholder-pixel.png\" data-src=\"http:\/\/www.le-masque.com\/wp2\/wp-content\/uploads\/2016\/01\/IMG_9176-640x400.jpg\" alt=\"\" title=\"\" class=\"easingslider-image easingslider-lazy\" \/><\/a><\/div><div class=\"easingslider-slide\"><a href=\"none\" target=\"\"><img decoding=\"async\" src=\"http:\/\/www.le-masque.com\/wp2\/wp-content\/plugins\/easing-slider\/assets\/images\/placeholder-pixel.png\" data-src=\"http:\/\/www.le-masque.com\/wp2\/wp-content\/uploads\/2016\/01\/IMG_9374-640x400.jpg\" alt=\"\" title=\"\" class=\"easingslider-image easingslider-lazy\" \/><\/a><\/div><div class=\"easingslider-slide\"><a href=\"none\" target=\"\"><img decoding=\"async\" src=\"http:\/\/www.le-masque.com\/wp2\/wp-content\/plugins\/easing-slider\/assets\/images\/placeholder-pixel.png\" data-src=\"http:\/\/www.le-masque.com\/wp2\/wp-content\/uploads\/2016\/01\/IMG_9384-640x400.jpg\" alt=\"\" title=\"\" class=\"easingslider-image easingslider-lazy\" \/><\/a><\/div><div class=\"easingslider-slide\"><a href=\"none\" target=\"\"><img decoding=\"async\" src=\"http:\/\/www.le-masque.com\/wp2\/wp-content\/plugins\/easing-slider\/assets\/images\/placeholder-pixel.png\" data-src=\"http:\/\/www.le-masque.com\/wp2\/wp-content\/uploads\/2016\/01\/IMG_9534-640x400.jpg\" alt=\"\" title=\"\" class=\"easingslider-image easingslider-lazy\" \/><\/a><\/div><\/div><\/p>\n<p style=\"text-align: justify;\">Entre un exercice d&rsquo;\u00e9quilibriste et une envie de faire de faire sonner autrement ce petit bijou typiquement anglais, les musiciens proposent une version autour des principaux airs des personnages f\u00e9minins et des danses qui donnent une vitalit\u00e9 \u00e0 la fois endiabl\u00e9e et r\u00eaveuse \u00e0 l&rsquo;ensemble de l&rsquo;oeuvre.<\/p>\n<hr \/>\n<h3 style=\"text-align: justify;\">L&rsquo;Europe baroque selon Jacob Van Eyck<\/h3>\n<p style=\"text-align: justify;\">\u00ab Cette magnifique soir\u00e9e a rencontr\u00e9 un succ\u00e8s enthousiaste m\u00e9rit\u00e9 ou la qualit\u00e9 musicale le disputait \u00e0 l`inventivit\u00e9 sc\u00e9nique. \u203a\u203a<\/p>\n<p style=\"text-align: right;\"><em>Derni\u00e8res nouvelles d&rsquo;Alsace<\/em><\/p>\n<p style=\"text-align: justify;\">T\u00e9moin de la vie musicale du XVII <sup>\u00e8me<\/sup> si\u00e8cle, ]acob Van Eyck, illustre \ufb02\u00fbtiste et carillonneur de la cath\u00e9drale d`Utrecht, a collectionn\u00e9 plus d&rsquo;une centaine de m\u00e9lodies qui, en traversant l`Europe, sont devenues de v\u00e9ritables tubes \u00e0 l&rsquo;\u00e9poque.<\/p>\n<ul>\n<li style=\"text-align: justify;\">Aniella ZlNS, soprano<\/li>\n<li style=\"text-align: justify;\">Marc HERVIEUX, fl\u00fbtes \u00e0 bec<\/li>\n<li style=\"text-align: justify;\">lsabelle HARO, viole de gambe<\/li>\n<li style=\"text-align: justify;\">]ean-S\u00e9bastien KUHNEL, luth, th\u00e9orbe, guitare<\/li>\n<li style=\"text-align: justify;\">Thomas VANDEVENNE, percussions<\/li>\n<li style=\"text-align: justify;\">Eva VALTOV\u00c1, orgue positif et \/ou clavecin<\/li>\n<\/ul>\n<p style=\"text-align: justify;\">Plus d&rsquo;informations sur les artistes sur la page du <a href=\"http:\/\/www.le-masque.com\/wp2\/le-masque\/\">Masque<\/a>;<\/p>\n<p>Dur\u00e9e: <strong>1h20 de concert<\/strong><\/p>\n<p style=\"text-align: justify;\">Le programme propose\u00e9 par le Masque nous plonge dans l&rsquo;univers musical de Jacob van Evck. Cet illustre carillonneur de la cath\u00e9drale d&rsquo;Utrecht laisse une prodigieuse oeuvre pour son instrument, la fl\u00fbte \u00e0 bec. T\u00e9moin de son \u00e9poque, il a collectionne plus d&rsquo;une centaine de m\u00e9lodies, emprunt\u00e9es a des auteurs c\u00e9l\u00e8bres comme John Dowland ou Etienne Moulini\u00e9, d&rsquo;autres entendues dans les rues ou dans les tavernes, des airs \u00e0 danser, des hymnes, des airs de cour fran\u00e7ais, des m\u00e9lodies sur des psaumes luth\u00e9riens chant\u00e9s a l&rsquo;\u00e9glise,&#8230;<\/p>\n<p style=\"text-align: justify;\">Devenu aveugle, ce virtuose de la fl\u00fbte \u00e0 bec dicte ces airs qui sont \u00e9dites en 1646 dans le recueil <em>Der Fluyten Lust-Hof<\/em>, o\u00f9 se croisent le populaire et le savant, le profane et le sacr\u00e9.<\/p>\n<p style=\"text-align: justify;\">C&rsquo;est du haut des beffrois que jacob van Eyck jouait ces m\u00e9lodies au carillon qui rythmait la vie quotidienne aux Pays-Bas au XVII <sup>\u00e8me<\/sup> si\u00e8cle. Les m\u00e9lodies servaient surtout de pr\u00e9texte a une technique d&rsquo;ornementation et d&rsquo;improvisation propre \u00e0 la musique instrumentale de cette \u00e9poque.<\/p>\n<p>\u00c0 partir d&rsquo;une m\u00e9lodie simple, il s&rsquo;amusait \u00e0 \u00e9laborer des variations en rythme croissant, donnant une id\u00e9e du niveau d&rsquo;aisance technique et de virtuosit\u00e9 pratiqu\u00e9e alors.<br \/>\nLes musiciens nous proposent d&rsquo;entendre ces m\u00e9lodies au moment o\u00f9 leur destin croise celui de ]acob van Eyck.<\/p>\n<p style=\"text-align: justify;\">Le programme illustre surtout la vitalit\u00e9 et la mobilit\u00e9 de ces m\u00e9lodies. En effet, chacune d&rsquo;elles recueille une infinit\u00e9 de sources, d&rsquo;abord vocales, dont la plupart sont devenues \u00e0 l&rsquo;\u00e9poque, en traversant l&rsquo;Europe, de v\u00e9ritables \u00abtubes\u203a\u203a. Par exemple, une m\u00e9lodie peut trouver son origine clans un air de cour en France, se parer d&rsquo;un texte sacre en Hollande, convenir \u00e0 l&rsquo;\u00e9criture harmonique, idiomatique d&rsquo;un luth ou d&rsquo;un virginal ou \u00eatre utilis\u00e9 par un violon et une basse continue.<br \/>\nC&rsquo;est gr\u00e2ce au travail de Ruth van Bank Griffoen, comparable \u00e0 celui d&rsquo;un d\u00e9tective explorant les ramifications de ce r\u00e9pertoire, que ce programme a pu se r\u00e9aliser. Nous poursuivons cette voie et continuons \u00e0 croiser ces destins.<\/p>\n<hr \/>\n<h3 style=\"text-align: justify;\">Telemann ou les go\u00fbts r\u00e9unis<\/h3>\n<p style=\"text-align: justify;\">\u00ab Leandro Marziotte, par la pl\u00e9nitude et la richesse de sa Voix, honore ces airs et les sert avec une facilite d\u00e9concertante\u00bb<\/p>\n<p style=\"text-align: justify;\">(<em>Derni\u00e8res nouvelles d&rsquo;Alsace<\/em>)<\/p>\n<p style=\"text-align: justify;\">Ce programme vous invite dans un salon \u00e0 Hambourg ou \u00e0 Paris. Vous y entendrez des cantates avec voix solo \u00e0 la d\u00e9clamation naturelle et expressive, et des quatuors \u00e9crits avec le charme du style galant et du go\u00fbt fran\u00e7ais.<\/p>\n<ul>\n<li style=\"text-align: justify;\">Leandro MARZIOTTE, contre-t\u00e9nor<\/li>\n<li style=\"text-align: justify;\">Delphine GROS, violon<\/li>\n<li style=\"text-align: justify;\">Marc HERVIEUX, \ufb02\u00fbtes \u00e0 bec<\/li>\n<li style=\"text-align: justify;\">Chantal BAEUMLER, viole de gambe<\/li>\n<li style=\"text-align: justify;\">Christine H\u00c9RAUD, clavecin<\/li>\n<\/ul>\n<p style=\"text-align: justify;\">Plus d&rsquo;informations sur les artistes sur la page du <a href=\"http:\/\/www.le-masque.com\/wp2\/le-masque\/\">Masque<\/a>;<\/p>\n<p style=\"text-align: justify;\">Dur\u00e9e: <strong>1h15 de concert<\/strong><\/p>\n<p style=\"text-align: justify;\">Georg-Philipp Telemann a laiss\u00e9 une \u0153uvre impressionnante dans tous les styles et tous les genres de musique, aussi bien pour les professionnels que pour les amateurs. Il a \u00e9crit pour l&rsquo;Opera, le Th\u00e9\u00e2tre, l&rsquo;\u00c9glise et le \u00ab\u00a0Service Divin\u00a0\u00bb ; il a en effet compos\u00e9 plusieurs cycles de cantates, selon un ordre liturgique tr\u00e8s pr\u00e9cis.<\/p>\n<p style=\"text-align: justify;\"><style type=\"text\/css\">.easingslider-287 { max-width: 640px; }.easingslider-287 .easingslider-image { max-height: 400px; max-width: 640px; }.easingslider-287 .easingslider-fade-in, .easingslider-fade-out { -webkit-animation-duration: 400ms; -moz-animation-duration: 400ms; animation-duration: 400ms; }<\/style><script type=\"text\/javascript\">window.EasingSlider287 = {\"width\":640,\"height\":400,\"singleItem\":true,\"items\":1,\"itemsDesktop\":false,\"itemsDesktopSmall\":false,\"itemsTablet\":false,\"itemsTabletSmall\":false,\"itemsMobile\":false,\"responsive\":true,\"lazyLoad\":true,\"autoPlay\":4000,\"slideSpeed\":400,\"navigation\":true,\"navigationText\":[\"\",\"\"],\"pagination\":true,\"autoHeight\":false,\"mouseDrag\":false,\"touchDrag\":false,\"addClassActive\":true,\"transitionStyle\":\"fade\"};<\/script><div data-id=\"287\" class=\"easingslider easingslider-287 easingslider-container easingslider-resizing-enabled easingslider-aspect-ratio easingslider-arrows-inside easingslider-pagination-inside easingslider-pagination-bottom-center\"><div class=\"easingslider-slide\"><a href=\"none\" target=\"\"><img decoding=\"async\" src=\"http:\/\/www.le-masque.com\/wp2\/wp-content\/plugins\/easing-slider\/assets\/images\/placeholder-pixel.png\" data-src=\"http:\/\/www.le-masque.com\/wp2\/wp-content\/uploads\/2016\/01\/Telemann_2014_04-640x400.jpg\" alt=\"\" title=\"\" class=\"easingslider-image easingslider-lazy\" \/><\/a><\/div><div class=\"easingslider-slide\"><a href=\"none\" target=\"\"><img decoding=\"async\" src=\"http:\/\/www.le-masque.com\/wp2\/wp-content\/plugins\/easing-slider\/assets\/images\/placeholder-pixel.png\" data-src=\"http:\/\/www.le-masque.com\/wp2\/wp-content\/uploads\/2016\/01\/Telemann_2014_05-640x400.jpg\" alt=\"\" title=\"\" class=\"easingslider-image easingslider-lazy\" \/><\/a><\/div><div class=\"easingslider-slide\"><a href=\"none\" target=\"\"><img decoding=\"async\" src=\"http:\/\/www.le-masque.com\/wp2\/wp-content\/plugins\/easing-slider\/assets\/images\/placeholder-pixel.png\" data-src=\"http:\/\/www.le-masque.com\/wp2\/wp-content\/uploads\/2016\/01\/Telemann_2014_20-640x400.jpg\" alt=\"\" title=\"\" class=\"easingslider-image easingslider-lazy\" \/><\/a><\/div><div class=\"easingslider-slide\"><a href=\"none\" target=\"\"><img decoding=\"async\" src=\"http:\/\/www.le-masque.com\/wp2\/wp-content\/plugins\/easing-slider\/assets\/images\/placeholder-pixel.png\" data-src=\"http:\/\/www.le-masque.com\/wp2\/wp-content\/uploads\/2016\/01\/Telemann_2014_17-640x400.jpg\" alt=\"\" title=\"\" class=\"easingslider-image easingslider-lazy\" \/><\/a><\/div><\/div><\/p>\n<p style=\"text-align: justify;\">Form\u00e9es de deux airs entourant un r\u00e9citatif, ces cantates pour voix de soprano trouvent leur originalit\u00e9 dans la distribution instrumentale. La vois chant\u00e9e dialogue avec deux instruments de dessus tr\u00e8s concertants (violon ou fl\u00fbte), dans un style expressif et tr\u00e8s audacieux, contrastant avec la langue allemande tr\u00e8s archa\u00efque de l&rsquo;\u00e9poque.<\/p>\n<p style=\"text-align: center;\"><span class=\"youtube\"><iframe loading=\"lazy\" title=\"YouTube video player\" class=\"youtube-player\" type=\"text\/html\" width=\"640\" height=\"505\" src=\"\/\/www.youtube.com\/embed\/JvZK0mFqhgk?wmode=transparent&amp;fs=1&amp;hl=en&amp;modestbranding=1&amp;iv_load_policy=3&amp;showsearch=0&amp;rel=0&amp;theme=dark\" frameborder=\"0\" allowfullscreen><\/iframe><\/span><\/p>\n<p style=\"text-align: justify;\">Pour ce programme, les instrumentistes joueront aussi des sonates en trio, rappelant \u00e0 quel point Telemann connaissait avec finesse \u00e0 la fois les qualit\u00e9s techniques et expressives de chaque instrument. Certains mouvements de ces Sonates sont inspir\u00e9s du folklore polonais que Telemann a eu l&rsquo;occasion d&rsquo; appr\u00e9cier lorsqu&rsquo;il \u00e9tait Ma\u00eetre de Chapelle en Haute-Sil\u00e9sie.<\/p>\n<hr \/>\n<h3 style=\"text-align: justify;\">Transcriptions baroques<\/h3>\n<p style=\"text-align: justify;\">Dialogue insolite entre un accord\u00e9on et une fl\u00fbte \u00e0 bec.<\/p>\n<p style=\"text-align: justify;\">\u00ab Un accord\u00e9on sublime la finesse baroque. La cascade des notes est traduite dans une sorte de fragmentation qui p\u00e9n\u00e8tre les sens au plus profond. L&rsquo;instruinent apporte une finesse qui magnifie sans conteste la dentelle baroque. Le geste du musicien contribue lui aussi \u00e0 l&rsquo;\u00e9l\u00e9gance de l&rsquo;ex\u00e9cution.. \u00bb<\/p>\n<p style=\"text-align: justify;\"><em>DNA<\/em><\/p>\n<ul>\n<li style=\"text-align: justify;\">Bogdan NESTERENKO, accord\u00e9on<\/li>\n<li style=\"text-align: justify;\">Marc HERVIEUX, fl\u00fctes \u00e0 bec<\/li>\n<\/ul>\n<p style=\"text-align: justify;\">Entendu lors d&rsquo;un programme de musique baroque, Bogdan Nesterenko a d\u00e9montr\u00e9 avec \u00e9vidence et succ\u00e8s qu&rsquo;avec son instrument, l&rsquo;accord\u00e9on, il \u00e9tait tr\u00e8s \u00e0 l,aise dans ce r\u00e9pertoire plus ancien. Suite \u00e0 ce concert et \u00e0 une volont\u00e9 de jouer ensemble, Marc Hervieux et Bogdan Nesterenko ont souhait\u00e9 construire un programme dans une formation nouvelle et in\u00e9dite.<\/p>\n<p style=\"text-align: center;\"><span class=\"youtube\"><iframe loading=\"lazy\" title=\"YouTube video player\" class=\"youtube-player\" type=\"text\/html\" width=\"640\" height=\"385\" src=\"\/\/www.youtube.com\/embed\/fazgXfKLUXE?wmode=transparent&amp;fs=1&amp;hl=en&amp;modestbranding=1&amp;iv_load_policy=3&amp;showsearch=0&amp;rel=0&amp;theme=dark&amp;hd=1\" frameborder=\"0\" allowfullscreen><\/iframe><\/span><\/p>\n<p style=\"text-align: justify;\">Semblable \u00e0 un orgue dans la continuation du son et dot\u00e9 de dynamiques et de registres de jeux tr\u00e8s contrastes, l&rsquo;accord\u00e9on est un instrument id\u00e9al, tant pour la r\u00e9alisation harmonique de la basse que pour la partie concertante d&rsquo;un clavier joue par la main droite.<br \/>\nEvidemment, ces deux instruments ne se sont jamais rencontr\u00e9s, ni a travers leur histoire, ni a travers leurs r\u00e9pertoires&#8230; Pourtant, ils se croisent aujourd&rsquo;hui dans un programme r\u00e9unissant des oeuvres connues et moins connues du r\u00e9pertoire baroque.<\/p>\n<p>Plus d&rsquo;informations sur les artistes sur la page du <a href=\"http:\/\/www.le-masque.com\/wp2\/le-masque\/\">Masque<\/a>;<\/p>\n<p>Critique de concert, <a href=\"http:\/\/www.le-masque.com\/wp2\/wp-content\/uploads\/2016\/01\/20150822_100314-e1452376547910.jpg\">extrait de presse<\/a>.<\/p>\n<p>Davantage de vid\u00e9os sur ce programme sur la page <a href=\"http:\/\/www.le-masque.com\/wp2\/medias\/videos\/\">vid\u00e9os<\/a><\/p>\n<p style=\"text-align: justify;\">Dur\u00e9e: <strong>1h15 de concert<\/strong><\/p>\n<hr \/>\n<h3 style=\"text-align: justify;\">Concert dans le go\u00fbt italien<\/h3>\n<p style=\"text-align: justify;\">\u00ab\u00a0Le public a \u00e9t\u00e9 envo\u00fbt\u00e9 par l&rsquo;extr\u00eame qualit\u00e9 de l&rsquo;ex\u00e9cution.\u00a0\u00bb<\/p>\n<p style=\"text-align: justify;\"><em>Le R\u00e9publicain Lorrain<\/em><\/p>\n<p style=\"text-align: justify;\">\u00ab\u00a0L&rsquo;ensemble Le Masque a une nouvelle fois montr\u00e9 sa grande finesse d&rsquo;\u00efnterpr\u00e9tation.\u00a0\u00bb<br \/>\n<em>L&rsquo;Alsace<\/em><\/p>\n<ul>\n<li style=\"text-align: justify;\">Marc HERVlEUX, fl\u00fbtes \u00e0 bec<\/li>\n<li style=\"text-align: justify;\">Eva VALTOV\u00c1, clavecin<\/li>\n<li style=\"text-align: justify;\">Tristan LESCENE, violoncelle<\/li>\n<\/ul>\n<p style=\"text-align: justify;\">Plus d&rsquo;informations sur les artistes sur la page du <a href=\"http:\/\/www.le-masque.com\/wp2\/le-masque\/\">Masque<\/a>;<\/p>\n<p style=\"text-align: justify;\">(Euvres de Georg Friedrich Haendel, Antonio Vivaldi, Arcangello Corelli, Michel Blavet<\/p>\n<p style=\"text-align: justify;\">Dur\u00e9e: <strong>1h15 de concert<\/strong><\/p>\n<p style=\"text-align: justify;\">\u00c0 travers ce programme, les musiciens vont faire entendre quelques aspects forts de ce style italien qui a beaucoup influenc\u00e9 les compositeurs et inond\u00e9 les cours europ\u00e9ennes au XVII <sup>\u00e8me<\/sup> si\u00e8cle. Le r\u00f4le quasi divin donn\u00e9 au chant et \u00e0 la ligne m\u00e9lodique, l&rsquo;alternance des mouvements lents et vifs, dont les caract\u00e8res et tempi sont pouss\u00e9s \u00e0 l&rsquo;extr\u00eame et enfin la grande libert\u00e9 d&rsquo;execution laiss\u00e9e \u00e0 l&rsquo;interpr\u00e8te dans la phrase et dans l&rsquo;ornementation, toujours au service de l&rsquo;expression, credo de ce style italien.<\/p>\n<p style=\"text-align: justify;\">Vers 1752, Johann Joachim Quantz, fl\u00fbtiste et professeur de Fr\u00e9d\u00e9ric ll de Prusse, 21 \u00e9crit un trait\u00e9 et une m\u00e9thode pour la fl\u00fbte ainsi que\u00a0 <em>plusieurs remarques pour servir au bon go\u00fbt dans la musique<\/em>. Des Italiens, il dit \u00ab qu&rsquo;ils ne se mettent pas de bornes \u00e0 la composition ; leur mani\u00e8re de penser est grande, vive, expressive, raffin\u00e9e et \u00e9lev\u00e9e ; ils sont un peu bizarres, libres, hardis, effr\u00e9n\u00e9s, extravagants, quelquefois<br \/>\nn\u00e9gligents dans la pulsation, mais leurs pens\u00e9es sont chantantes, \ufb02atteuses, tendres, touchantes et riches d&rsquo;inventions.<\/p>\n<hr \/>\n<h3 style=\"text-align: justify;\">No\u00ebl Nouvelet<\/h3>\n<p style=\"text-align: justify;\">\u00ab\u00a0La chanteuse a fait merveille.\u00a0 Sa virtuosit\u00e9 \u00e9tait pleine d&rsquo;aisance.\u00a0\u00bb<br \/>\n<em>L&rsquo;Alsace<\/em><\/p>\n<ul>\n<li style=\"text-align: justify;\">Anne L&rsquo;ESP\u00c9RANCE, soprano<\/li>\n<li style=\"text-align: justify;\">Marc HERVIEUX, fl\u00fbte \u00e0 bec<\/li>\n<li style=\"text-align: justify;\">Chantal BAEUMLER, viole de gambe<\/li>\n<li style=\"text-align: justify;\">Eva VALTOV\u00c1, clavecin<\/li>\n<\/ul>\n<p style=\"text-align: justify;\">Plus d&rsquo;informations sur les artistes sur la page du <a href=\"http:\/\/www.le-masque.com\/wp2\/le-masque\/\">Masque<\/a>;<\/p>\n<p>Dur\u00e9e: <strong>1h10 de concert<\/strong><\/p>\n<p style=\"text-align: justify;\">C&rsquo;est avec la chanteuse canadienne Anne L&rsquo;Esp\u00e9rance, au timbre chaleureux et a la d\u00e9clamation a la fois naturelle et th\u00e9\u00e2trale que les musiciens pr\u00e9sentent une collection de chansons traditionnelles et populaires de France et d&rsquo;ailleurs du XV<sup><sub>\u00e8me<\/sub><\/sup> au XVII<sup>\u00e8me<\/sup> si\u00e8cle.<br \/>\nDes pi\u00e8ces souvent plus savantes de Marais, Scarlatti, Sammartin\u00ed aux couleurs festives et \u00e9clatantes seront jou\u00e9es aux instruments.<\/p>\n<p style=\"text-align: justify;\"><style type=\"text\/css\">.easingslider-291 { max-width: 640px; }.easingslider-291 .easingslider-image { max-height: 400px; max-width: 640px; }.easingslider-291 .easingslider-fade-in, .easingslider-fade-out { -webkit-animation-duration: 400ms; -moz-animation-duration: 400ms; animation-duration: 400ms; }<\/style><script type=\"text\/javascript\">window.EasingSlider291 = {\"width\":640,\"height\":400,\"singleItem\":true,\"items\":1,\"itemsDesktop\":false,\"itemsDesktopSmall\":false,\"itemsTablet\":false,\"itemsTabletSmall\":false,\"itemsMobile\":false,\"responsive\":true,\"lazyLoad\":true,\"autoPlay\":4000,\"slideSpeed\":400,\"navigation\":true,\"navigationText\":[\"\",\"\"],\"pagination\":true,\"autoHeight\":false,\"mouseDrag\":false,\"touchDrag\":false,\"addClassActive\":true,\"transitionStyle\":\"fade\"};<\/script><div data-id=\"291\" class=\"easingslider easingslider-291 easingslider-container easingslider-resizing-enabled easingslider-aspect-ratio easingslider-arrows-inside easingslider-pagination-inside easingslider-pagination-bottom-center\"><div class=\"easingslider-slide\"><a href=\"none\" target=\"\"><img decoding=\"async\" src=\"http:\/\/www.le-masque.com\/wp2\/wp-content\/plugins\/easing-slider\/assets\/images\/placeholder-pixel.png\" data-src=\"http:\/\/www.le-masque.com\/wp2\/wp-content\/uploads\/2016\/01\/Noels_2013_08-640x400.jpg\" alt=\"\" title=\"\" class=\"easingslider-image easingslider-lazy\" \/><\/a><\/div><div class=\"easingslider-slide\"><a href=\"none\" target=\"\"><img decoding=\"async\" src=\"http:\/\/www.le-masque.com\/wp2\/wp-content\/plugins\/easing-slider\/assets\/images\/placeholder-pixel.png\" data-src=\"http:\/\/www.le-masque.com\/wp2\/wp-content\/uploads\/2016\/01\/Noels_2013_14-640x400.jpg\" alt=\"\" title=\"\" class=\"easingslider-image easingslider-lazy\" \/><\/a><\/div><div class=\"easingslider-slide\"><a href=\"none\" target=\"\"><img decoding=\"async\" src=\"http:\/\/www.le-masque.com\/wp2\/wp-content\/plugins\/easing-slider\/assets\/images\/placeholder-pixel.png\" data-src=\"http:\/\/www.le-masque.com\/wp2\/wp-content\/uploads\/2016\/01\/Noels_2013_11-640x400.jpg\" alt=\"\" title=\"\" class=\"easingslider-image easingslider-lazy\" \/><\/a><\/div><div class=\"easingslider-slide\"><a href=\"none\" target=\"\"><img decoding=\"async\" src=\"http:\/\/www.le-masque.com\/wp2\/wp-content\/plugins\/easing-slider\/assets\/images\/placeholder-pixel.png\" data-src=\"http:\/\/www.le-masque.com\/wp2\/wp-content\/uploads\/2016\/01\/Noels_2013_10-640x400.jpg\" alt=\"\" title=\"\" class=\"easingslider-image easingslider-lazy\" \/><\/a><\/div><\/div><\/p>\n<p style=\"text-align: justify;\">Un concert plein de saveurs et de chaleur compos\u00e9 a la fois d&rsquo;airs populaires et de musique savante pour entrer dans la magie du temps de No\u00ebl&#8230;<\/p>\n<hr \/>\n<h3 style=\"text-align: justify;\">Si dolce \u00e8 il Tormento<\/h3>\n<p style=\"text-align: justify;\">C&rsquo;est une musique \u00e0 la fois expressive et tr\u00e8s intimiste. Des contrastes agr\u00e9ables, tant du point de vue des instruments que des r\u00e9pertoires choisis. Une complicit\u00e9 savamment entretenue, un jeu d&rsquo;associations qui fait oublier toute lassitude, une pr\u00e9sence sur sc\u00e8ne inhabituelle \u00abdans ce genre de r\u00e9pertoire. Une grande puissance \u00e9motionnelle. \u203a\u203a<\/p>\n<p style=\"text-align: justify;\"><em>DNA<\/em><\/p>\n<ul>\n<li style=\"text-align: justify;\">Aniella ZINS, soprano<\/li>\n<li style=\"text-align: justify;\">Marc HERVIEUX, \ufb02\u00fbtes \u00e0 bec<\/li>\n<li style=\"text-align: justify;\">]ean-S\u00e9bastien KUHNEL, th\u00e9orbe<\/li>\n<li style=\"text-align: justify;\">Lisa ERBES, Violoncelle<\/li>\n<li style=\"text-align: justify;\">Eva VALTOV\u00c1, clavecin<\/li>\n<\/ul>\n<p style=\"text-align: justify;\">Plus d&rsquo;informations sur les artistes sur la page du <a href=\"http:\/\/www.le-masque.com\/wp2\/le-masque\/\">Masque<\/a>;<\/p>\n<p>Dur\u00e9e: <strong>1h20 de concert<\/strong><\/p>\n<p style=\"text-align: justify;\">Nous sommes au d\u00e9but du XVII<sup>\u00e8me<\/sup> si\u00e8cle en Italie, \u00e0 la p\u00e9riode de la naissance de l&rsquo;opera. Qu&rsquo;il soit vocal ou instrumental, dans un caract\u00e8re fi\u00e9vreux ou au contraire plaintif, chaque passage peut exprimer \u00ab\u00a0les affetti\u00a0\u00bb, les tourments humains. C&rsquo;est aussi la d\u00e9couverte du r\u00f4le fondamental de la basse-continue qui va accro\u00eetre encore davantage le pouvoir expressif et \u00e9motionnel du chant.<\/p>\n<p style=\"text-align: justify;\"><style type=\"text\/css\">.easingslider-298 { max-width: 640px; }.easingslider-298 .easingslider-image { max-height: 400px; max-width: 640px; }.easingslider-298 .easingslider-fade-in, .easingslider-fade-out { -webkit-animation-duration: 400ms; -moz-animation-duration: 400ms; animation-duration: 400ms; }<\/style><script type=\"text\/javascript\">window.EasingSlider298 = {\"width\":640,\"height\":400,\"singleItem\":true,\"items\":1,\"itemsDesktop\":false,\"itemsDesktopSmall\":false,\"itemsTablet\":false,\"itemsTabletSmall\":false,\"itemsMobile\":false,\"responsive\":true,\"lazyLoad\":true,\"autoPlay\":4000,\"slideSpeed\":400,\"navigation\":true,\"navigationText\":[\"\",\"\"],\"pagination\":true,\"autoHeight\":false,\"mouseDrag\":false,\"touchDrag\":false,\"addClassActive\":true,\"transitionStyle\":\"fade\"};<\/script><div data-id=\"298\" class=\"easingslider easingslider-298 easingslider-container easingslider-resizing-enabled easingslider-aspect-ratio easingslider-arrows-inside easingslider-pagination-inside easingslider-pagination-bottom-center\"><div class=\"easingslider-slide\"><a href=\"none\" target=\"\"><img decoding=\"async\" src=\"http:\/\/www.le-masque.com\/wp2\/wp-content\/plugins\/easing-slider\/assets\/images\/placeholder-pixel.png\" data-src=\"http:\/\/www.le-masque.com\/wp2\/wp-content\/uploads\/2016\/01\/Si_Dolce_2011_06-640x400.jpg\" alt=\"\" title=\"\" class=\"easingslider-image easingslider-lazy\" \/><\/a><\/div><div class=\"easingslider-slide\"><a href=\"none\" target=\"\"><img decoding=\"async\" src=\"http:\/\/www.le-masque.com\/wp2\/wp-content\/plugins\/easing-slider\/assets\/images\/placeholder-pixel.png\" data-src=\"http:\/\/www.le-masque.com\/wp2\/wp-content\/uploads\/2016\/01\/Si_Dolce_2011_01-640x400.jpg\" alt=\"\" title=\"\" class=\"easingslider-image easingslider-lazy\" \/><\/a><\/div><\/div><\/p>\n<p style=\"text-align: justify;\">Dans des madrigaux pour voix et basse ainsi que dans des pi\u00e8ces de Frescobaldi, Castello ou Cima aux formes encore exp\u00e9rimentales, les musiciens vont faire entendre une musique a la fois th\u00e9\u00e2trale et sensuelle.<\/p>\n<hr \/>\n<h3 style=\"text-align: justify;\">Vivaldi et le Myst\u00e8re des demoiselles della Piet\u00e0<\/h3>\n<p style=\"text-align: justify;\">Le Masque qui sait si parfaitement \u00e9voquer, aussi bien les ambiances cle cour que les d\u00e9cors de la vie populaire du temps jadis, a charm\u00e9\u00a0 un public de connaisseurs ravis de se replonger, le temps d&rsquo;un concert, dans ce monde de beaut\u00e9 et d&rsquo;l1armonie&#8230; . \u00bb<\/p>\n<p style=\"text-align: justify;\"><em>La revue du Liban<\/em><\/p>\n<ul>\n<li style=\"text-align: justify;\">Christophe GREILSAMMER, r\u00e9citant<\/li>\n<li style=\"text-align: justify;\">lr\u00e8ne MICHAILIDIS, r\u00e9citante<\/li>\n<li style=\"text-align: justify;\">Marc HERVIEUX, \ufb02\u00fbtes \u00e0 bec<\/li>\n<li style=\"text-align: justify;\">Renata DUARTE, hautbois baroque<\/li>\n<li style=\"text-align: justify;\">Jonathan NUBEL, violon<\/li>\n<li style=\"text-align: justify;\">Anais RAMAGE, basson baroque<\/li>\n<li style=\"text-align: justify;\">Eva VALTOV\u00c1, clavecin<\/li>\n<\/ul>\n<p style=\"text-align: justify;\">Plus d&rsquo;informations sur les artistes sur la page du <a href=\"http:\/\/www.le-masque.com\/wp2\/le-masque\/\">Masque<\/a>;<\/p>\n<p>Dur\u00e9e: <strong>1h20 de concert<\/strong><\/p>\n<p style=\"text-align: justify;\">Antonio Vivaldi a compose ces concerti da camera \u00e0 plusieurs instruments vers 1725 pour les jeunes filles d&rsquo;une des plus c\u00e9l\u00e8bres scuole (conservatoires) de Venise, l&rsquo;Ospedale della Piet\u00e0, situ\u00e9e non loin de la Basilique San Marco. Dans cette pieuse institution, Vivaldi exer\u00e7ait les fonctions de professeur, de chef d&rsquo;orchestre et de compositeur. Ces jeunes orphelines, au talent musical reconnu, lui offraient un \u00ab\u00a0mat\u00e9riau\u00a0\u00bb id\u00e9al pour ses cr\u00e9ations.<br \/>\nLe concerto en trois mouvements contrastes, v\u00e9ritable basse obstin\u00e9e de son \u0153uvre, offre une palette d&rsquo;expressions tr\u00e8s vari\u00e9es. Semblables \u00e0 des personnages hant\u00e9s par les masques de la commedia dell&rsquo;arte, chaque instrument apparait avec sa personnalit\u00e9 et sa sp\u00e9cificit\u00e9 : rondeur du hautbois, humour et pertinence du basson, th\u00e9\u00e2tralit\u00e9 du violon, chant de la fl\u00fbte, imp\u00e9tuosit\u00e9 de la basse.<br \/>\nL&rsquo;alternance entre les trois mouvements, vif &#8211; lent &#8211; vif, et les couleurs majeur et mineur nous plongent dans les mouvements d&rsquo;humeur et de caract\u00e8re symbolisant la Venise du XVIII<sup>\u00e8me<\/sup> si\u00e8cle : spontan\u00e9it\u00e9 et extravagance, nostalgie et douceur, carnaval et f\u00eate.<br \/>\nDes t\u00e9moignages d&rsquo;\u00e9poque et des extraits de r\u00e9cits imaginaires accompagnent ce programme.<\/p>\n<p style=\"text-align: justify;\">Textes :<br \/>\nTiziano SCARPA : Stabat Mater, 2008<br \/>\n]ean-Jacques ROUSSEAU : Les Confessions, 1769<\/p>\n<hr \/>\n<h3 style=\"text-align: justify;\">Les Amours de Haendel<\/h3>\n<p style=\"text-align: justify;\">A la lueur d&rsquo;une bougie, Haendel \u00e9crit \u00e0 son ami le compositeur Mattheson.<br \/>\nIl interroge ses souvenirs, parle de sa passion pour l&rsquo;ltalie et du musicien europ\u00e9en qu&rsquo;il est,&#8230;tout en laissant r\u00e9sonner sa musique.<\/p>\n<ul>\n<li style=\"text-align: justify;\">St\u00e9phane RONCHEWSKI, com\u00e9dien<\/li>\n<li style=\"text-align: justify;\">Aniella ZINS, soprano<\/li>\n<li style=\"text-align: justify;\">Marc HERVIEUX, fl\u00fbtes \u00e0 bec<\/li>\n<li style=\"text-align: justify;\">Chantal BAEUMLER, viole de gambe<\/li>\n<li style=\"text-align: justify;\">]ean-S\u00e9bastien KUHNEL, th\u00e9orbe<\/li>\n<li style=\"text-align: justify;\">Eva VALT\u00d4V\u00c1, clavecin<\/li>\n<\/ul>\n<p style=\"text-align: justify;\">Plus d&rsquo;informations sur les artistes sur la page du <a href=\"http:\/\/www.le-masque.com\/wp2\/le-masque\/\">Masque<\/a>;<\/p>\n<p style=\"text-align: justify;\">Dur\u00e9e: <strong>1h20 de concert<\/strong><\/p>\n<p style=\"text-align: justify;\">A la lueur d&rsquo;une bougie, Georg Friedrich Haendel \u00e9crit \u00e0 son ami le compositeur et th\u00e9oricien ]ohann Mattheson qui veut faire un portrait de lui. Haendel va interroger ses souvenirs et parler de lui, l&rsquo;Allemand qui va s&rsquo;user \u00e0 faire pousser dans Londres un op\u00e9ra italien&#8230;, d\u00e9crire les rivalit\u00e9s et jalousies entre les chanteuses italiennes&#8230;<br \/>\nIl parle aussi de son ma\u00eetre Zachow \u00e0 qui il doit d&rsquo;\u00eatre musicien, de son admiration pour l&rsquo;Italie et pour Venise, de son inlassable curiosit\u00e9 pour les \u0153uvres et les styles \u00e9trangers.<br \/>\nIl se disait un Allemand de culture latine, un musicien europ\u00e9en.<br \/>\nQuand Haendel s&rsquo;arr\u00eate d&rsquo;\u00e9crire, sa musique r\u00e9sonne&#8230;<br \/>\nNous entendrons Corydon, une cantate de Pepusch, initiateur du Beggars&rsquo;Op\u00e9ra qui ouvrira le programme. Des airs allemands, une cantate espagnole, une Aria italienne, des transcriptions de l&rsquo;opera Rinaldo et de la musique instrumentale vont contribuer \u00e0 donner vie \u00e0 ce portrait.<\/p>\n<hr \/>\n<h3>Une soir\u00e9e chez Monsieur Telemann<\/h3>\n<p>\u00ab\u00a0\u00bbSes mots touchent les profondeurs de l&rsquo;\u00e2me et nous conduisent vers l&rsquo;essentiel visible. La voix d&rsquo;AIain Moussay, son talent, sa capacit\u00e9 \u00e0 p\u00e9n\u00e9trer l&rsquo;intimit\u00e9 des mots, sa pr\u00e9sence tout simplement, fait de lui le h\u00e9raut des po\u00e8tes.\u00a0\u00bb<br \/>\n<em>Robert Grossmamn<\/em><\/p>\n<ul>\n<li>Alain MOUSSAY, com\u00e9dien<\/li>\n<li>Anieila ZINS, soprano<\/li>\n<li>Marc HERVIEUX, \ufb02\u00fbtes \u00e0 bec<\/li>\n<li>Jonathan NUBEL, violon<\/li>\n<li>Jean-S\u00e9bastien KUHNEL, th\u00e9orbe<\/li>\n<li>Eva VALTOV\u00c1, clavecin<\/li>\n<\/ul>\n<p style=\"text-align: justify;\">Plus d&rsquo;informations sur les artistes sur la page du <a href=\"http:\/\/www.le-masque.com\/wp2\/le-masque\/\">Masque<\/a>;<\/p>\n<p style=\"text-align: justify;\">Dur\u00e9e: <strong>1h15 de concert<\/strong><\/p>\n<p style=\"text-align: justify;\">Nous sommes dans les ann\u00e9es 1730. Monsieur Telemann (1681-1787) nous re\u00e7oit chez lui. Nous nous trouvons \u00e0 la Thomaskirche de Leipzig ou \u00e0 la cour de Haute-Sil\u00e9sie ou il est ma\u00eetre de Chapelle.<br \/>\nNous assistons au concert donn\u00e9 par ses musiciens favoris. Au programme : des cantates de l`Harmonischer Gottesdienst, des airs d&rsquo;opera, des sonates et fantaisies, de la musique de danse&#8230;<br \/>\nGeorg Philipp Telemann nous parle de sa vie d&rsquo;homme, de son voyage \u00e0 Paris, de son go\u00fbt pour la musique fran\u00e7aise et italienne et de la fascination qu&rsquo;il a pour les violoneux et joueurs de cornemuse improvisant \u00e0 souhait, rencontr\u00e9s en Pologne. Il parle de cette musique folklorique de Haute-Silesie, comme d`une \u00ab pure beaut\u00e9 barbare \u00bb.<\/p>\n<hr \/>\n<h3 style=\"text-align: justify;\">La Belle au Bois Dansant<\/h3>\n<p style=\"text-align: justify;\">Avec la coompagnie L &lsquo;Eclat des Muses.<br \/>\n\u00ab\u00a0Dans l&rsquo;esprit des com\u00e9dies-ballets ch\u00e8res \u00e0 Louis XIV, l&rsquo;\u00c9clat des Muses, avec le conteur Emmanuel Soulhat et la jeune Elyse Pasquier [&#8230;] compose un \u00e9l\u00e9gant tableau ou les costumes d&rsquo;\u00e9poque se conjuguent \u00e0 la gr\u00e2ce des mouvements de jambes, de bras ou de poignets, et dans lequel une utilisation de l&rsquo;espace intelligente rel\u00e8ve la mise en sc\u00e8ne.\u00a0\u00bb<\/p>\n<p style=\"text-align: justify;\"><em>DNA<\/em><\/p>\n<ul>\n<li style=\"text-align: justify;\">Emmanuel SOULHAT. danseur et chor\u00e9graphe<\/li>\n<li style=\"text-align: justify;\">Elyse PASQUIER, danseuse<\/li>\n<li style=\"text-align: justify;\">Marc HERVIEUX, Fl\u00fbtes \u00e0 bec<\/li>\n<li style=\"text-align: justify;\">Delphine GR\u00d4S, violon<\/li>\n<li style=\"text-align: justify;\">Chantal BAEUMLER, viole de gambe<\/li>\n<li style=\"text-align: justify;\">Eva VALTOV\u00c1, clavecin<\/li>\n<\/ul>\n<p style=\"text-align: justify;\">Plus d&rsquo;informations sur les artistes sur la page du <a href=\"http:\/\/www.le-masque.com\/wp2\/le-masque\/\">Masque<\/a>;<\/p>\n<p style=\"text-align: justify;\">Dur\u00e9e: <strong>1h20 de concert<\/strong><\/p>\n<p style=\"text-align: center;\"><span class=\"youtube\"><iframe loading=\"lazy\" title=\"YouTube video player\" class=\"youtube-player\" type=\"text\/html\" width=\"640\" height=\"385\" src=\"\/\/www.youtube.com\/embed\/1jMrUuAC-EM?wmode=transparent&amp;fs=1&amp;hl=en&amp;modestbranding=1&amp;iv_load_policy=3&amp;showsearch=0&amp;rel=0&amp;theme=dark&amp;hd=1\" frameborder=\"0\" allowfullscreen><\/iframe><\/span><\/p>\n<p style=\"text-align: justify;\">L&rsquo;ensemble \u00ab\u00a0Le Masque\u00a0\u00bb pr\u00e9sente un programme autour de la danse, pratique magnifi\u00e9e par et gr\u00e2ce \u00e0 Louis XIV, dont le style et l`expression ont fait l&rsquo;admiration de la cour au d\u00e9but du XVIII<sup>\u00e8me<\/sup> si\u00e8cle. Entour\u00e9e de musiciens, la danseuse et chor\u00e9graphe Sarah Berreby fait revivre quelques danses du r\u00e9pertoire tire&rsquo; d&rsquo;op\u00e9ras-ballets de Lullv. On pourra admirer cette \u00ab\u00a0Belle Danse\u00a0\u00bb, v\u00e9ritable symbole du faste des Salons de Versailles, m\u00ealant \u00e0 la fois la gr\u00e2ce, la noblesse du maintien et la l\u00e9g\u00e8rete quasi virtuose des pas et cl\u00e9s jeux de mains. En alternance, les instrumentistes, ensemble ou en solo, interpr\u00e8teront des \u0153uvres de Francois Couperin, Marin Marais et ]acques-Martin Hotteterre, tous trois musiciens et compositeurs attaches au service de Louis XIV, dont l&rsquo;ornementation et l&rsquo;extravagance rappellent l&rsquo;influence de la musique italienne. Du lever au coucher du Monarque, la journ\u00e9e royale \u00e9tait rythm\u00e9e par la musique et la danse, expressions m\u00eames de la vie \u00e0 la cour, et de ce go\u00fbt sp\u00e9cifiquement fran\u00e7ais.<\/p>\n<p style=\"text-align: center;\"><style type=\"text\/css\">.easingslider-411 { max-width: 640px; }.easingslider-411 .easingslider-image { max-height: 400px; max-width: 640px; }.easingslider-411 .easingslider-fade-in, .easingslider-fade-out { -webkit-animation-duration: 400ms; -moz-animation-duration: 400ms; animation-duration: 400ms; }<\/style><script type=\"text\/javascript\">window.EasingSlider411 = {\"width\":640,\"height\":400,\"singleItem\":true,\"items\":1,\"itemsDesktop\":false,\"itemsDesktopSmall\":false,\"itemsTablet\":false,\"itemsTabletSmall\":false,\"itemsMobile\":false,\"responsive\":true,\"lazyLoad\":true,\"autoPlay\":4000,\"slideSpeed\":400,\"navigation\":true,\"navigationText\":[\"\",\"\"],\"pagination\":true,\"autoHeight\":false,\"mouseDrag\":false,\"touchDrag\":false,\"addClassActive\":true,\"transitionStyle\":\"fade\"};<\/script><div data-id=\"411\" class=\"easingslider easingslider-411 easingslider-container easingslider-resizing-enabled easingslider-aspect-ratio easingslider-arrows-inside easingslider-pagination-inside easingslider-pagination-bottom-center\"><div class=\"easingslider-slide\"><a href=\"none\" target=\"\"><img decoding=\"async\" src=\"http:\/\/www.le-masque.com\/wp2\/wp-content\/plugins\/easing-slider\/assets\/images\/placeholder-pixel.png\" data-src=\"http:\/\/www.le-masque.com\/wp2\/wp-content\/uploads\/2016\/01\/Masque_280915_046-640x400.jpg\" alt=\"\" title=\"\" class=\"easingslider-image easingslider-lazy\" \/><\/a><\/div><div class=\"easingslider-slide\"><a href=\"none\" target=\"\"><img decoding=\"async\" src=\"http:\/\/www.le-masque.com\/wp2\/wp-content\/plugins\/easing-slider\/assets\/images\/placeholder-pixel.png\" data-src=\"http:\/\/www.le-masque.com\/wp2\/wp-content\/uploads\/2016\/01\/Masque_280915_008-640x400.jpg\" alt=\"\" title=\"\" class=\"easingslider-image easingslider-lazy\" \/><\/a><\/div><div class=\"easingslider-slide\"><a href=\"none\" target=\"\"><img decoding=\"async\" src=\"http:\/\/www.le-masque.com\/wp2\/wp-content\/plugins\/easing-slider\/assets\/images\/placeholder-pixel.png\" data-src=\"http:\/\/www.le-masque.com\/wp2\/wp-content\/uploads\/2016\/01\/Masque_280915_013-640x400.jpg\" alt=\"\" title=\"\" class=\"easingslider-image easingslider-lazy\" \/><\/a><\/div><div class=\"easingslider-slide\"><a href=\"none\" target=\"\"><img decoding=\"async\" src=\"http:\/\/www.le-masque.com\/wp2\/wp-content\/plugins\/easing-slider\/assets\/images\/placeholder-pixel.png\" data-src=\"http:\/\/www.le-masque.com\/wp2\/wp-content\/uploads\/2016\/01\/Masque_280915_089-640x400.jpg\" alt=\"\" title=\"\" class=\"easingslider-image easingslider-lazy\" \/><\/a><\/div><div class=\"easingslider-slide\"><a href=\"none\" target=\"\"><img decoding=\"async\" src=\"http:\/\/www.le-masque.com\/wp2\/wp-content\/plugins\/easing-slider\/assets\/images\/placeholder-pixel.png\" data-src=\"http:\/\/www.le-masque.com\/wp2\/wp-content\/uploads\/2016\/01\/Masque_280915_020-640x400.jpg\" alt=\"\" title=\"\" class=\"easingslider-image easingslider-lazy\" \/><\/a><\/div><div class=\"easingslider-slide\"><a href=\"none\" target=\"\"><img decoding=\"async\" src=\"http:\/\/www.le-masque.com\/wp2\/wp-content\/plugins\/easing-slider\/assets\/images\/placeholder-pixel.png\" data-src=\"http:\/\/www.le-masque.com\/wp2\/wp-content\/uploads\/2016\/01\/Masque_280915_090-640x400.jpg\" alt=\"\" title=\"\" class=\"easingslider-image easingslider-lazy\" \/><\/a><\/div><div class=\"easingslider-slide\"><a href=\"none\" target=\"\"><img decoding=\"async\" src=\"http:\/\/www.le-masque.com\/wp2\/wp-content\/plugins\/easing-slider\/assets\/images\/placeholder-pixel.png\" data-src=\"http:\/\/www.le-masque.com\/wp2\/wp-content\/uploads\/2016\/01\/Masque_280915_116-640x400.jpg\" alt=\"\" title=\"\" class=\"easingslider-image easingslider-lazy\" \/><\/a><\/div><\/div><\/p>\n<p style=\"text-align: center;\">\n","protected":false},"excerpt":{"rendered":"<p>T\u00e9l\u00e9charger le flyer des programmes Autour du Fairy Queen d&rsquo;Henry Purcell Une version intimiste d&rsquo;extraits (airs et danses) d&rsquo;un des plus beaux \u00ab\u00a0op\u00e9ras\u00a0\u00bb de Purcell inspir\u00e9 du Songe d&rsquo;une nuit d&rsquo;\u00e9t\u00e9 de Shakespeare Aniella ZINS, soprano Marc HERVIEUX, \ufb02\u00fbtes \u00e0 bec Claire SECORDEL, fl\u00fbtes \u00e0 bec Catherine WOHLHUTER, fl\u00fbtes \u00e0 bec H\u00e9l\u00e8ne RYDZEK, viole de [&hellip;]<\/p>\n","protected":false},"author":1,"featured_media":0,"parent":90,"menu_order":0,"comment_status":"closed","ping_status":"closed","template":"","meta":{"footnotes":""},"_links":{"self":[{"href":"http:\/\/www.le-masque.com\/wp2\/wp-json\/wp\/v2\/pages\/150"}],"collection":[{"href":"http:\/\/www.le-masque.com\/wp2\/wp-json\/wp\/v2\/pages"}],"about":[{"href":"http:\/\/www.le-masque.com\/wp2\/wp-json\/wp\/v2\/types\/page"}],"author":[{"embeddable":true,"href":"http:\/\/www.le-masque.com\/wp2\/wp-json\/wp\/v2\/users\/1"}],"replies":[{"embeddable":true,"href":"http:\/\/www.le-masque.com\/wp2\/wp-json\/wp\/v2\/comments?post=150"}],"version-history":[{"count":35,"href":"http:\/\/www.le-masque.com\/wp2\/wp-json\/wp\/v2\/pages\/150\/revisions"}],"predecessor-version":[{"id":460,"href":"http:\/\/www.le-masque.com\/wp2\/wp-json\/wp\/v2\/pages\/150\/revisions\/460"}],"up":[{"embeddable":true,"href":"http:\/\/www.le-masque.com\/wp2\/wp-json\/wp\/v2\/pages\/90"}],"wp:attachment":[{"href":"http:\/\/www.le-masque.com\/wp2\/wp-json\/wp\/v2\/media?parent=150"}],"curies":[{"name":"wp","href":"https:\/\/api.w.org\/{rel}","templated":true}]}}