{"id":576,"date":"2016-09-14T13:30:09","date_gmt":"2016-09-14T12:30:09","guid":{"rendered":"http:\/\/www.le-masque.com\/wp2\/?page_id=576"},"modified":"2019-11-05T17:36:06","modified_gmt":"2019-11-05T16:36:06","slug":"saison-20162017","status":"publish","type":"page","link":"http:\/\/www.le-masque.com\/wp2\/saison-2019-2020\/saison-20162017\/","title":{"rendered":"Saison 2016\/2017"},"content":{"rendered":"\n<p style=\"text-align: center;\"><img loading=\"lazy\" decoding=\"async\" class=\"aligncenter size-large wp-image-614\" src=\"http:\/\/www.le-masque.com\/wp2\/wp-content\/uploads\/2016\/10\/Le-Masque-saison-2016-2017-1024x724.jpg\" alt=\"le-masque-saison-2016-2017\" width=\"640\" height=\"453\" srcset=\"http:\/\/www.le-masque.com\/wp2\/wp-content\/uploads\/2016\/10\/Le-Masque-saison-2016-2017-1024x724.jpg 1024w, http:\/\/www.le-masque.com\/wp2\/wp-content\/uploads\/2016\/10\/Le-Masque-saison-2016-2017-300x212.jpg 300w\" sizes=\"(max-width: 640px) 100vw, 640px\" \/><\/p>\n<hr \/>\n<h3><strong>\u00a0<\/strong><strong><em><a href=\"http:\/\/www.le-masque.com\/wp2\/2016\/10\/04\/fetes-italiennes\/\">\u00ab F\u00eates italiennes \u00bb<\/a><\/em><\/strong><\/h3>\n<p><strong>Dimanche 20 novembre 2016 \u00e0 17h30<\/strong><\/p>\n<p><em>Attention, changement de date (initialement le 13 novembre)<\/em><\/p>\n<p><strong>Strasbourg \u2013 Eglise protestante St Pierre-le-Vieux<\/strong><\/p>\n<ul>\n<li>Marc\u00a0Hervieux,<\/li>\n<li>Christine\u00a0H\u00e9raud, clavecin<\/li>\n<li>H\u00e9l\u00e8ne\u00a0Rydzek, viole de gambe<\/li>\n<\/ul>\n<p style=\"text-align: justify;\">Le style et le go\u00fbt italien ont envahit les cours europ\u00e9ennes au 18\u00e8me si\u00e8cle. les chanteurs et violonistes virtuoses \u00e9taient applaudis sur les grandes sc\u00e8nes. Au Concert Spirituel, c\u00e9l\u00e8bre lieu de concerts parisien, la musique italienne \u00e9tait \u00e0 la mode&#8230;<\/p>\n<p style=\"text-align: justify;\">Cette musique avait du succ\u00e8s parce qu&rsquo;elle \u00e9tait peut-\u00eatre plus accessible, l&rsquo;expression y \u00e9tait libre et contrast\u00e9e, les mouvements lents, \u00e0 l&rsquo;ornementation florissante devaient \u00e9mouvoir, et l&rsquo;allegro \u00e9tait chaque fois un pr\u00e9texte \u00e0 un exercice d&rsquo;acrobatie de virtuosit\u00e9. Toutes les nuances et les tempi \u00e9taient pouss\u00e9s \u00e0 leur extr\u00e9mit\u00e9.<\/p>\n<p style=\"text-align: justify;\">Ces effets, ces contrastes et cette mise en valeur de l&rsquo;interpr\u00e9tation \u00e9tait au service de l&rsquo;expression, v\u00e9ritable credo de ce style italien.<\/p>\n<p style=\"text-align: justify;\">Le r\u00e9pertoire instrumental est tr\u00e8s riche et les musiciens peuvent encore puiser des manuscrits dans les nombreuses biblioth\u00e8ques. Le programme fera entendre la fl\u00fbte dialoguant avec le clavecin et la viole souvent concertants dans des oeuvres de Corelli, Mancini ou Albinono mais aussi de compositeurs fran\u00e7ais s&rsquo;inspirant du style italien, Ch\u00e9deville, Aubert ou Leclair.<\/p>\n<p style=\"text-align: center;\"><a href=\"http:\/\/www.le-masque.com\/wp2\/2016\/10\/04\/fetes-italiennes\/\"><img loading=\"lazy\" decoding=\"async\" class=\"aligncenter size-full wp-image-610\" src=\"http:\/\/www.le-masque.com\/wp2\/wp-content\/uploads\/2016\/09\/affiche-le-masque-20161120.jpg\" alt=\"affiche-le-masque-20161120\" width=\"620\" height=\"878\" srcset=\"http:\/\/www.le-masque.com\/wp2\/wp-content\/uploads\/2016\/09\/affiche-le-masque-20161120.jpg 620w, http:\/\/www.le-masque.com\/wp2\/wp-content\/uploads\/2016\/09\/affiche-le-masque-20161120-212x300.jpg 212w\" sizes=\"(max-width: 620px) 100vw, 620px\" \/><\/a><\/p>\n<p style=\"text-align: left;\"><a href=\"http:\/\/www.le-masque.com\/wp2\/2016\/10\/04\/fetes-italiennes\/\">D\u00e9tails et programme du concert<\/a><\/p>\n<hr \/>\n<h3>\u00a0<em><strong>\u00ab\u00a0<a href=\"http:\/\/www.le-masque.com\/wp2\/2016\/12\/06\/le-concert-des-oiseaux\/\">Le concert des oiseaux<\/a>\u00ab\u00a0<\/strong><\/em><\/h3>\n<p><strong>Samedi 17 d\u00e9cembre 2016 \u00e0 17h30<\/strong><\/p>\n<p><strong>Strasbourg \u2013 Eglise protestante St Pierre-le-Vieux<\/strong><\/p>\n<p style=\"text-align: justify;\">Et pourquoi la fl\u00fbte n&rsquo;aurait-elle pas \u00e9t\u00e9 invent\u00e9e pour dialoguer avec les oiseaux ?<br \/>\nDepuis des si\u00e8cles, ces sympathiques volatiles ont toujours inspir\u00e9 les compositeurs mais \u00e9galement les interpr\u00e8tes&#8230;<br \/>\nVoici un programme qui, au-del\u00e0 des trilles, des gazouillis va nous faire voyager, du 17\u00e8me au 19\u00e8me, en Hollande, en Allemagne, en Italie et en France.<br \/>\nMarc Hervieux va pr\u00e9senter des pi\u00e8ces originales du r\u00e9pertoire de la fl\u00fbte \u00e0 bec seule\u00a0(van Eyck, Couperin, Telemann&#8230;), mais va aussi s&rsquo;amuser \u00e0 jouer et faire d\u00e9couvrir des transcriptions pour son instrument (Bach, Marais, Vivaldi&#8230;).<br \/>\nQui de l&rsquo;oiseau ou la fl\u00fbte va s\u00e9duire par son chant et briller par sa virtuosit\u00e9&#8230;<\/p>\n<p style=\"text-align: center;\"><img loading=\"lazy\" decoding=\"async\" class=\"aligncenter size-full wp-image-629\" src=\"http:\/\/www.le-masque.com\/wp2\/wp-content\/uploads\/2016\/09\/LeMasque20161217.jpg\" alt=\"lemasque20161217\" width=\"650\" height=\"919\" srcset=\"http:\/\/www.le-masque.com\/wp2\/wp-content\/uploads\/2016\/09\/LeMasque20161217.jpg 650w, http:\/\/www.le-masque.com\/wp2\/wp-content\/uploads\/2016\/09\/LeMasque20161217-212x300.jpg 212w\" sizes=\"(max-width: 650px) 100vw, 650px\" \/><\/p>\n<hr \/>\n<p>&nbsp;<\/p>\n<h3><strong><em>\u00ab\u00a0Trios pour le Roy\u00a0\u00bb<\/em><\/strong><\/h3>\n<p><strong>Dimanche 5 mars 2017 \u00e0 17h30<\/strong><\/p>\n<p><strong>Strasbourg \u2013 Eglise protestante St Pierre-le-Vieux<\/strong><\/p>\n<p>Suites fran\u00e7aises du 18\u00e8me<\/p>\n<ul>\n<li>Marta\u00a0Kratochvilova,\u00a0traverso<\/li>\n<li>Marc\u00a0Hervieux, fl\u00fbte \u00e0 bec<\/li>\n<li>Peter\u00a0Wagner, viole de gambe<\/li>\n<li>Jan\u00a0Cizmar, th\u00e9orbe<\/li>\n<\/ul>\n<p style=\"text-align: justify;\">Ce concert nous invite dans l&rsquo;intimit\u00e9 des appartements royaux \u00e0 Versailles. Du lever au coucher du Roi, la musique \u00e9tait pr\u00e9sente, elle rythmait la Vie du Monarque mais aussi celle de la Cour. Sous le r\u00e8gne du Roi Soleil, il y avait le faste de l&rsquo; Op\u00e9ra, du Th\u00e9\u00e2tre, de ses orchestres, et l&rsquo; omnipr\u00e9sence de la danse. Et en m\u00eame temps, il y avait une place plus priv\u00e9e, un rapport confidentiel et presque visc\u00e9ral \u00e0 la musique. Dans une formation toute en rondeur les quatre instrumentistes proposent des trios et des Suites pour la viole de gambe de Marin Marais, le 8\u00e8me Concert Royal de Fran\u00e7ois Couperin, \u00ab\u00a0dans le go\u00fbt th\u00e9\u00e2tral\u00a0\u00bb et des danses de Hotteterre. Toutes ces musiques, dot\u00e9es d&rsquo; un style si singulier et si diff\u00e9rent des autres styles \u00e0 cette \u00e9poque et d\u00e9crivant avec finesse la riche palette des caract\u00e8res et des sentiments&#8230; , ont \u00e9t\u00e9 jou\u00e9es \u00e0 la Cour et s\u00fbrement compos\u00e9es pour le Roi. La musique avait aussi un r\u00f4le divertissant et sensible. Elle pouvait \u00eatre le reflet de la Nature, des jardins et des fontaines, elle \u00e9voquait les plaintes, les plaisirs et les amours idylliques des bergers de l&rsquo;Arcadie.<\/p>\n<p style=\"text-align: center;\"><img loading=\"lazy\" decoding=\"async\" class=\"aligncenter size-large wp-image-643\" src=\"http:\/\/www.le-masque.com\/wp2\/wp-content\/uploads\/2017\/02\/2017.03.15.affiche-724x1024.jpg\" alt=\"2017.03.15.affiche\" width=\"640\" height=\"905\" srcset=\"http:\/\/www.le-masque.com\/wp2\/wp-content\/uploads\/2017\/02\/2017.03.15.affiche-724x1024.jpg 724w, http:\/\/www.le-masque.com\/wp2\/wp-content\/uploads\/2017\/02\/2017.03.15.affiche-212x300.jpg 212w\" sizes=\"(max-width: 640px) 100vw, 640px\" \/><\/p>\n<hr \/>\n<h3><\/h3>\n<h3><strong><em>\u00ab\u00a0L&rsquo; Europe baroque selon\u00a0Jacob\u00a0van\u00a0Eyck\u00a0\u00bb<\/em><\/strong><\/h3>\n<p><strong>Dimanche 2 avril 2017 \u00e0 17h30<\/strong><\/p>\n<p><strong>\u00e0 l\u2019\u00e9glise r\u00e9form\u00e9e du Bouclier<\/strong><\/p>\n<ul>\n<li>Aniella\u00a0Zins, soprano<\/li>\n<li>Marc\u00a0Hervieux, fl\u00fbte \u00e0 bec<\/li>\n<li>Jean-s\u00e9bastien\u00a0Kuhnel, luth, guitare et th\u00e9orbe<\/li>\n<li>Isabelle\u00a0Feuillie, viole de gambe<\/li>\n<li>Eva\u00a0valtova, orgue positif et clavecin<\/li>\n<li>Thomas\u00a0Vandevenne, percussions<\/li>\n<\/ul>\n<p style=\"text-align: justify;\">Le programme propos\u00e9 par le Masque nous\u00a0 plonge dans l&rsquo;univers musical de Jacob van Eyck. Cet\u00a0 illustre\u00a0 carillonneur\u00a0 de\u00a0 la\u00a0 cath\u00e9drale\u00a0 d&rsquo;Utrecht\u00a0 laisse\u00a0 une\u00a0 prodigieuse\u00a0 \u0153uvre\u00a0 pour\u00a0 son instrument,\u00a0 la\u00a0 fl\u00fbte\u00a0 \u00e0\u00a0 bec.\u00a0 T\u00e9moin\u00a0 de\u00a0 son\u00a0 \u00e9poque,\u00a0 il\u00a0 a\u00a0 collectionn\u00e9\u00a0 plus\u00a0 d&rsquo;une\u00a0 centaine\u00a0 de m\u00e9lodies,\u00a0 emprunt\u00e9es\u00a0 \u00e0\u00a0 des\u00a0 auteurs\u00a0 c\u00e9l\u00e8bres\u00a0 comme\u00a0 John\u00a0 Dowland\u00a0 ou\u00a0 Etienne\u00a0 Moulini\u00e9, d&rsquo;autres entendues dans les rues ou dans les tavernes, des airs \u00e0 danser, des hymnes, des airs de\u00a0cour fran\u00e7ais, des\u00a0 m\u00e9lodies sur\u00a0 des\u00a0 psaumes\u00a0 luth\u00e9riens chant\u00e9s \u00e0 l&rsquo;\u00e9glise, &#8230;\u00a0\u00a0 Devenu aveugle, ce virtuose\u00a0 de\u00a0 la fl\u00fbte \u00e0 bec dicte ces\u00a0 airs\u00a0 qui\u00a0 sont\u00a0 \u00e9dit\u00e9s en\u00a0 1646\u00a0 dans\u00a0 le recueil Der\u00a0 Fluyten Lust-Hof,\u00a0 o\u00f9\u00a0 se\u00a0 croisent\u00a0 le\u00a0 populaire\u00a0 et\u00a0 le\u00a0 savant,\u00a0 le\u00a0 profane\u00a0 et\u00a0 le\u00a0 sacr\u00e9.\u00a0 C&rsquo;est\u00a0 du\u00a0 haut\u00a0 des beffrois que Jacob van Eyck jouait ces m\u00e9lodies au carillon qui rythmaient la vie quotidienne en Hollande\u00a0 au\u00a0 17\u00e8me\u00a0 si\u00e8cle.\u00a0 Les\u00a0 m\u00e9lodies\u00a0 servaient\u00a0 surtout\u00a0 de\u00a0 pr\u00e9texte\u00a0 \u00e0\u00a0 une\u00a0 technique d&rsquo;ornementation et d&rsquo;improvisation propre \u00e0 la musique instrumentale de cette \u00e9poque. A\u00a0 partir d&rsquo;une m\u00e9lodie simple, van Eyck s&rsquo;amusait \u00e0 \u00e9laborer des variations en rythme croissant, donnant une\u00a0 id\u00e9e\u00a0 du\u00a0 niveau\u00a0 d&rsquo;aisance\u00a0 technique\u00a0 et\u00a0 de\u00a0 virtuosit\u00e9\u00a0 pratiqu\u00e9e\u00a0 alors.\u00a0 Les\u00a0 musiciens\u00a0 nous proposent d&rsquo;entendre ces m\u00e9lodies au moment o\u00f9 leur destin croise celui de Jacob van Eyck. Le programme\u00a0 illustre\u00a0 surtout\u00a0 la\u00a0 vitalit\u00e9\u00a0 et\u00a0 la\u00a0 mobilit\u00e9\u00a0 de\u00a0 ces\u00a0 m\u00e9lodies.\u00a0 En\u00a0 effet,\u00a0 chacune\u00a0 d&rsquo;elle recueille une infinit\u00e9 de sources,\u00a0 d&rsquo;abord vocales, dont la plupart sont\u00a0 devenues \u00e0 l&rsquo;\u00e9poque, en\u00a0traversant\u00a0 l&rsquo;Europe,\u00a0 de\u00a0 v\u00e9ritables\u00a0 \u00ab\u00a0tubes\u00a0\u00bb.\u00a0 Par\u00a0 exemple,\u00a0 une\u00a0 m\u00e9lodie\u00a0 peut\u00a0 trouver\u00a0 son\u00a0 origine dans\u00a0 un\u00a0 air\u00a0 de\u00a0 cour\u00a0 en\u00a0 France,\u00a0 se\u00a0 parer\u00a0 d&rsquo;un\u00a0 texte\u00a0 sacr\u00e9\u00a0 en\u00a0 Hollande,\u00a0 convenir\u00a0 \u00e0\u00a0 l&rsquo;\u00e9criture harmonique,\u00a0 idiomatique\u00a0 d&rsquo;un\u00a0 luth\u00a0 ou\u00a0 d&rsquo;un\u00a0 virginal\u00a0 ou\u00a0 \u00eatre\u00a0 utilis\u00e9\u00a0 par\u00a0 un\u00a0 violon\u00a0 et\u00a0 une\u00a0 basse continue.\u00a0 C&rsquo;est\u00a0 gr\u00e2ce\u00a0 au\u00a0 travail\u00a0 de\u00a0 Ruth\u00a0 van\u00a0 Baak\u00a0 Griffoen,\u00a0 comparable\u00a0 \u00e0\u00a0 celui\u00a0 d&rsquo;un\u00a0 d\u00e9tective explorant\u00a0 les\u00a0 ramifications\u00a0 de\u00a0 ce\u00a0 r\u00e9pertoire,\u00a0 que\u00a0 ce \u00a0programme\u00a0 a\u00a0 pu\u00a0 se\u00a0 r\u00e9aliser.\u00a0 Nous poursuivons cette voie et continuons \u00e0 croiser ces destins. Ce programme a d&rsquo;abord \u00e9t\u00e9 r\u00e9alis\u00e9 autour des airs de van Eyck. C&rsquo;est \u00e0 partir de ces pi\u00e8ces pour fl\u00fbte que nous avons cherch\u00e9 les sources vocales pr\u00e9existantes \u00e0 l&rsquo;oeuvre instrumentale du c\u00e9l\u00e8bre fl\u00fbtiste aveugle.<\/p>\n<p style=\"text-align: center;\"><img loading=\"lazy\" decoding=\"async\" class=\"aligncenter size-full wp-image-669\" src=\"http:\/\/www.le-masque.com\/wp2\/wp-content\/uploads\/2017\/03\/2017.04.02.affiche-800-600.jpg\" alt=\"2017.04.02.affiche 800 600\" width=\"565\" height=\"800\" srcset=\"http:\/\/www.le-masque.com\/wp2\/wp-content\/uploads\/2017\/03\/2017.04.02.affiche-800-600.jpg 565w, http:\/\/www.le-masque.com\/wp2\/wp-content\/uploads\/2017\/03\/2017.04.02.affiche-800-600-212x300.jpg 212w\" sizes=\"(max-width: 565px) 100vw, 565px\" \/><\/p>\n<hr \/>\n<h3><strong>\u00a0<\/strong><\/h3>\n<h3><strong><em>\u00ab\u00a0Dialogues insolites\u00a0\u00bb<\/em><\/strong><\/h3>\n<p><strong>Dimanche 30 avril 2017 \u00e0 17h30<\/strong><\/p>\n<p><strong>Strasbourg \u2013 Eglise protestante St Pierre-le-Vieux<\/strong><\/p>\n<p>airs et sonates de J.S.\u00a0Bach<\/p>\n<ul>\n<li>Juliette\u00a0de\u00a0Massy, soprano<\/li>\n<li>Marc\u00a0Hervieux, fl\u00fbte \u00e0 bec<\/li>\n<li>Bogdan\u00a0Nesterenko, accord\u00e9on<\/li>\n<\/ul>\n<p style=\"text-align: justify;\">Dans le prolongement de leur travail, Bogdan Nesterenko et Marc Hervieux ont envie de continuer \u00e0 explorer d&rsquo;autres voies.<\/p>\n<p style=\"text-align: justify;\">Apr\u00e8s un disque autour des sonates pour fl\u00fbte et clavier de J.S. Bach et G.F. Haendel, les deux musiciens invitent\u00a0<strong>la soprano\u00a0Juliette de Massy<\/strong>\u00a0pour s&rsquo;attaquer \u00e0 un r\u00e9pertoire d&rsquo;airs de cantates et de Passions de J.S. Bach,\u00a0(\u00a0\u00bb Ich folge dir gleichfalls ,\u00a0\u00bb H\u00f6chster, was ich habe\u00a0\u00bb,\u00a0\u00bb\u00a0Seufzer, Tr\u00e4nen, Kummer, Not\u201c, \u00a0\u00ab\u00a0Eilt, eilt ihr Stunden\u201c\u00a0\u201eAus Liebe will mein Heiland sterben\u201c&#8230;\u00a0)<\/p>\n<p style=\"text-align: justify;\">Un trio insolite d\u00e9sirant apporter\u00a0un nouvel \u00e9clairage \u00e0 cette musique magnifique, dans\u00a0une formation intimiste\u00a0et \u00e9pur\u00e9e, r\u00e9pondant \u00e0 l\u2019\u00e9criture de\u00a0Bach, \u00e0 sa simplicit\u00e9 et \u00e0 son \u00e9vidence.<\/p>\n<p style=\"text-align: center;\"><img loading=\"lazy\" decoding=\"async\" class=\"aligncenter size-large wp-image-680\" src=\"http:\/\/www.le-masque.com\/wp2\/wp-content\/uploads\/2016\/09\/Bach-affiche-724x1024.jpg\" alt=\"Bach affiche\" width=\"640\" height=\"905\" srcset=\"http:\/\/www.le-masque.com\/wp2\/wp-content\/uploads\/2016\/09\/Bach-affiche-724x1024.jpg 724w, http:\/\/www.le-masque.com\/wp2\/wp-content\/uploads\/2016\/09\/Bach-affiche-212x300.jpg 212w, http:\/\/www.le-masque.com\/wp2\/wp-content\/uploads\/2016\/09\/Bach-affiche.jpg 905w\" sizes=\"(max-width: 640px) 100vw, 640px\" \/><\/p>\n<hr \/>\n<h3><\/h3>\n<h3><strong><em>\u00ab\u00a0Mi palpita il cor<\/em><\/strong><strong><em>\u00a0\u00bb\u00a0<\/em><\/strong><\/h3>\n<p><strong>Dimanche 21 mai 2017 \u00e0 17h30<\/strong><\/p>\n<p><strong>Strasbourg \u2013 Eglise du Bouclier<br \/>\n<\/strong><\/p>\n<p>(<em>Attention, changement de lieu !<\/em>)<\/p>\n<p>cantates et sonates de G.F.\u00a0Haendel<\/p>\n<ul>\n<li>Fr\u00e9d\u00e9ric\u00a0Schwab, contre-t\u00e9nor<\/li>\n<li>Marc\u00a0Hervieux, fl\u00fbte \u00e0 bec<\/li>\n<li>David Brinckert, violon<\/li>\n<li>Jean-s\u00e9bastien\u00a0Kuhnel, luth, guitare et th\u00e9orbe<\/li>\n<li>Chantal\u00a0Baeumler, viole de gambe<\/li>\n<li>Eva\u00a0Valtova, clavecin<\/li>\n<\/ul>\n<p style=\"text-align: justify;\">Le contre-t\u00e9nor Fr\u00e9d\u00e9ric Schwab ,au timbre chaleureux et \u00e9mouvant sera au coeur du programme autour de Georg Friedrich Haendel, \u00a0\u00bb Mi palpita il cor\u00a0\u00bb.<\/p>\n<p style=\"text-align: justify;\">Depuis quelques ann\u00e9es, nous travaillons des programmes de musique fran\u00e7aise, allemande ou italienne avec Fr\u00e9deric, fid\u00e8le artiste des\u00a0 \u00ab\u00a0<em>Rencontres Baroques<\/em>\u00a0\u00bb \u00e0 Neuwiller-les-Saverne.<\/p>\n<p style=\"text-align: justify;\">L&rsquo;ensemble propose deux cantates, <em>Mi palpita il cor<\/em> et <em>Splende l&rsquo;Alba in Oriente<\/em> et l&rsquo;Air <em>Se in fiorito, ameno prato<\/em>, extrait de l&rsquo;op\u00e9ra \u00a0\u00bb Jules C\u00e9sar\u00a0\u00bb.<\/p>\n<p style=\"text-align: justify;\">Des sonates pour la fl\u00fbte et pour le violon compl\u00e9teront un programme tourn\u00e9 vers l&rsquo;humour, l&rsquo;expressivit\u00e9 et l&rsquo;agilit\u00e9 de la tessiture de contre-t\u00e9nor dans l&rsquo;ornementation et les tempi rapides, v\u00e9ritables signatures de l&rsquo;\u00e9criture de Haendel et de l&rsquo; op\u00e9ra baroque.<\/p>\n<p style=\"text-align: center;\"><img loading=\"lazy\" decoding=\"async\" class=\"aligncenter size-large wp-image-689\" src=\"http:\/\/www.le-masque.com\/wp2\/wp-content\/uploads\/2016\/09\/2017.05.21_affiche-723x1024.jpeg\" alt=\"2017.05.21_affiche\" width=\"640\" height=\"906\" srcset=\"http:\/\/www.le-masque.com\/wp2\/wp-content\/uploads\/2016\/09\/2017.05.21_affiche-723x1024.jpeg 723w, http:\/\/www.le-masque.com\/wp2\/wp-content\/uploads\/2016\/09\/2017.05.21_affiche-212x300.jpeg 212w, http:\/\/www.le-masque.com\/wp2\/wp-content\/uploads\/2016\/09\/2017.05.21_affiche.jpeg 904w\" sizes=\"(max-width: 640px) 100vw, 640px\" \/><\/p>\n<hr \/>\n<h3><\/h3>\n<h3><strong><em>\u00ab\u00a0Danses et Symphonies \u00e0\u00a0Versailles\u00a0\u00bb<\/em><\/strong><\/h3>\n<p><strong>Date \u00e0 d\u00e9finir<\/strong><\/p>\n<p><strong>Strasbourg \u2013 Palais Rohan, place du Ch\u00e2teau<\/strong><\/p>\n<ul>\n<li>Elyse\u00a0Pasquier, danseuse<\/li>\n<li>Emmanuel\u00a0Soulhat, danseur<\/li>\n<li>Marc\u00a0Hervieux, fl\u00fbte \u00e0 bec<\/li>\n<li>Claire Foltzer, violon<\/li>\n<li>Jean-S\u00e9bastien\u00a0Kuhnel, luth, guitare et th\u00e9orbe<\/li>\n<li>Chantal\u00a0Baeumler, viole de gambe<\/li>\n<li>Eva\u00a0Valtova, clavecin<\/li>\n<\/ul>\n<p style=\"text-align: justify;\">Ce spectacle pr\u00e9sente des bijoux de musique et de danse con\u00e7us pour \u00eatre entendus et vus ensemble,dans le Bal de cour et au Th\u00e9\u00e2tre lors des divertissements priv\u00e9s et publics, Op\u00e9ra-Ballets et Com\u00e9die- Ballets. Au XVII\u00e8me si\u00e8cle, l\u2019art de la danse et de ses caract\u00e8res, courante, menuet, rigaudon, sarabande, gigue, chaconne, etc\u2026 d\u00e9voile l\u2019extr\u00eame intimit\u00e9\u00a0 de la musique et de la danse qui s\u2019 interpr\u00e9tent\u00a0 ensemble dans le r\u00e9pertoire de Jean-Baptiste Lully, d\u2019Andr\u00e9 Campra, de Marin Marais et des Ma\u00eetres de ballet, Pierre Beauchamp , Louis P\u00e9cour, si bien que le mot caract\u00e8re devient musical autant que chor\u00e9graphique. Des pi\u00e8ces instrumentales de Fran\u00e7ois Couperin ou de Marc-Antoine Charpentier r\u00e9sonneront entre les chor\u00e9graphies propos\u00e9es par les danseurs, Elise Pasquier et Emmanuel Soulhat.<\/p>\n","protected":false},"excerpt":{"rendered":"<p>\u00a0\u00ab F\u00eates italiennes \u00bb Dimanche 20 novembre 2016 \u00e0 17h30 Attention, changement de date (initialement le 13 novembre) Strasbourg \u2013 Eglise protestante St Pierre-le-Vieux Marc\u00a0Hervieux, Christine\u00a0H\u00e9raud, clavecin H\u00e9l\u00e8ne\u00a0Rydzek, viole de gambe Le style et le go\u00fbt italien ont envahit les cours europ\u00e9ennes au 18\u00e8me si\u00e8cle. les chanteurs et violonistes virtuoses \u00e9taient applaudis sur les grandes [&hellip;]<\/p>\n","protected":false},"author":1,"featured_media":0,"parent":930,"menu_order":0,"comment_status":"closed","ping_status":"closed","template":"","meta":{"footnotes":""},"_links":{"self":[{"href":"http:\/\/www.le-masque.com\/wp2\/wp-json\/wp\/v2\/pages\/576"}],"collection":[{"href":"http:\/\/www.le-masque.com\/wp2\/wp-json\/wp\/v2\/pages"}],"about":[{"href":"http:\/\/www.le-masque.com\/wp2\/wp-json\/wp\/v2\/types\/page"}],"author":[{"embeddable":true,"href":"http:\/\/www.le-masque.com\/wp2\/wp-json\/wp\/v2\/users\/1"}],"replies":[{"embeddable":true,"href":"http:\/\/www.le-masque.com\/wp2\/wp-json\/wp\/v2\/comments?post=576"}],"version-history":[{"count":27,"href":"http:\/\/www.le-masque.com\/wp2\/wp-json\/wp\/v2\/pages\/576\/revisions"}],"predecessor-version":[{"id":695,"href":"http:\/\/www.le-masque.com\/wp2\/wp-json\/wp\/v2\/pages\/576\/revisions\/695"}],"up":[{"embeddable":true,"href":"http:\/\/www.le-masque.com\/wp2\/wp-json\/wp\/v2\/pages\/930"}],"wp:attachment":[{"href":"http:\/\/www.le-masque.com\/wp2\/wp-json\/wp\/v2\/media?parent=576"}],"curies":[{"name":"wp","href":"https:\/\/api.w.org\/{rel}","templated":true}]}}