{"id":809,"date":"2018-10-10T16:54:00","date_gmt":"2018-10-10T15:54:00","guid":{"rendered":"http:\/\/www.le-masque.com\/wp2\/?page_id=809"},"modified":"2019-11-05T17:32:37","modified_gmt":"2019-11-05T16:32:37","slug":"saison-2018-2019","status":"publish","type":"page","link":"http:\/\/www.le-masque.com\/wp2\/saison-2019-2020\/saison-2018-2019\/","title":{"rendered":"Saison 2018 &#8211; 2019"},"content":{"rendered":"<p style=\"text-align: left;\"><\/p>\n<p style=\"text-align: center;\"><img loading=\"lazy\" decoding=\"async\" class=\"aligncenter size-full wp-image-814\" src=\"http:\/\/www.le-masque.com\/wp2\/wp-content\/uploads\/2018\/10\/Saison-2018-2019.jpg\" alt=\"Saison 2018-2019\" width=\"877\" height=\"620\" srcset=\"http:\/\/www.le-masque.com\/wp2\/wp-content\/uploads\/2018\/10\/Saison-2018-2019.jpg 877w, http:\/\/www.le-masque.com\/wp2\/wp-content\/uploads\/2018\/10\/Saison-2018-2019-300x212.jpg 300w\" sizes=\"(max-width: 877px) 100vw, 877px\" \/><\/p>\n<hr \/>\n<h3 style=\"text-align: justify;\"><em>\u00ab\u00a0Dialogue insolite\u00a0\u00bb<\/em><\/h3>\n<p style=\"text-align: justify;\"><strong>Autour de JS Bach et GF Haendel<\/strong><\/p>\n<ul style=\"list-style-type: circle;\">\n<li style=\"text-align: justify;\"><em>Samedi <\/em> 17 novembre 2018<em>: <\/em>Neuwiller-les-Saverne, aux EUL Ethic \u00e9tapes.<\/li>\n<\/ul>\n<ul>\n<li>Marc Hervieux, fl\u00fbte \u00e0 bec.<\/li>\n<li>Bogdan Nesterenko, accord\u00e9on de concert.<\/li>\n<\/ul>\n<hr \/>\n<h3><em>\u00ab\u00a0Boismortier ou les Go\u00fbts r\u00e9unis\u00a0\u00bb<\/em><\/h3>\n<ul style=\"list-style-type: circle;\">\n<li><em>Dimanche 25 novembre 2018 \u00e0 17h: Strasbourg \u2013 Eglise protestante Saint-Pierre-le-Vieux<\/em><\/li>\n<\/ul>\n<ul>\n<li>Marc Hervieux, fl\u00fbte \u00e0 bec<\/li>\n<li>Chantal Baeumler, viole de gambe<\/li>\n<li>Jean-S\u00e9bastien Kuhnel, th\u00e9orbe<\/li>\n<\/ul>\n<p style=\"text-align: justify;\">Boismortier, un peu comme Telemann reste un compositeur malheureusement peu connu, peut-\u00eatre sous-estim\u00e9 aujourd\u2019hui et jalous\u00e9 \u00e0 son \u00e9poque pour une trop grande production ou pour son ind\u00e9pendance financi\u00e8re\u2026Et pourtant Boismortier charme son auditoire par son originalit\u00e9 et sa libert\u00e9 d\u2019\u00e9criture. Il aime passer d\u2019un style fran\u00e7ais, fleuri, avec ses codes au style italien, plus spontan\u00e9 et plus extraverti. S\u2019inscrivant dans la mode pour le r\u00e9pertoire italien en France \u00e0 cette \u00e9poque, ce fl\u00fbtiste virtuose s\u2019\u00e9cartait ainsi du go\u00fbt de Versailles et donnait \u00e0 la musique une autre sensibilit\u00e9.<\/p>\n<p style=\"text-align: justify;\">Comme celles de Couperin ou de Telemann, certaines \u0153uvres de Joseph Bodin de Boismortier refl\u00e8tent magnifiquement l\u2019art et l\u2019esprit des \u00ab G\u00f4uts r\u00e9unis \u00bb, une synth\u00e8se r\u00e9ussie des styles fran\u00e7ais et italien. Dans l\u2019intimit\u00e9 d\u2019un salon bourgeois \u00e0 Paris ou en province, les musiciens vous invitent \u00e0 un concert o\u00f9 se croisent suites et sonates. On y entendra le style majestueux et les mouvements de danses rivaliser\u00a0 avec l\u2019expression des mouvements lents et la virtuosit\u00e9 des passages rapides. En solo ou accompagn\u00e9s, la fl\u00fbte, la viole ou le th\u00e9orbe aux couleurs chaudes et rondes vont tour \u00e0 tour soupirer se r\u00e9jouir, ou sugg\u00e9rer l\u2019\u00e9lan amoureux.<\/p>\n<p style=\"text-align: justify;\"><img loading=\"lazy\" decoding=\"async\" class=\"aligncenter size-large wp-image-834\" src=\"http:\/\/www.le-masque.com\/wp2\/wp-content\/uploads\/2018\/11\/AFF_Nootoos_050-724x1024.jpg\" alt=\"AFF_Nootoos_050\" width=\"640\" height=\"905\" srcset=\"http:\/\/www.le-masque.com\/wp2\/wp-content\/uploads\/2018\/11\/AFF_Nootoos_050-724x1024.jpg 724w, http:\/\/www.le-masque.com\/wp2\/wp-content\/uploads\/2018\/11\/AFF_Nootoos_050-212x300.jpg 212w, http:\/\/www.le-masque.com\/wp2\/wp-content\/uploads\/2018\/11\/AFF_Nootoos_050.jpg 842w\" sizes=\"(max-width: 640px) 100vw, 640px\" \/><\/p>\n<hr \/>\n<h3><em>\u00ab\u00a0L&rsquo;Europe musicale d&rsquo;apr\u00e8s Jacob van Eyck\u00a0\u00bb<\/em><\/h3>\n<ul style=\"list-style-type: circle;\">\n<li><em>Vendredi 21 d\u00e9cembre 2018 \u00e0 20h30: Strasbourg \u2013 Eglise protestante Saint-Pierre-le-Vieux<\/em><\/li>\n<\/ul>\n<ul>\n<li>Aniella Zins, soprano<\/li>\n<li>Marc Hervieux, fl\u00fbte \u00e0 bec<\/li>\n<li>Isabelle Feuillie, viole de gambe<\/li>\n<li>Jean-S\u00e9bastien Kuhnel, luth, th\u00e9orbe, guitare<\/li>\n<li>Eva Valtova, orgue positif<\/li>\n<li>Thomas Vandevenne, percussions<\/li>\n<\/ul>\n<p style=\"text-align: justify;\">Le programme propos\u00e9 par le Masque nous plonge dans l&rsquo;univers musical de Jacob van Eyck. Cet illustre carillonneur de la cath\u00e9drale d&rsquo;Utrecht laisse une prodigieuse \u0153uvre pour son instrument, la fl\u00fbte \u00e0 bec. T\u00e9moin de son \u00e9poque, il a collectionn\u00e9 plus d&rsquo;une centaine de m\u00e9lodies, emprunt\u00e9es \u00e0 des auteurs c\u00e9l\u00e8bres comme John Dowland ou Etienne Moulini\u00e9, d&rsquo;autres entendues dans les rues ou dans les tavernes, des airs \u00e0 danser, des hymnes, des airs de cour fran\u00e7ais, des m\u00e9lodies sur des psaumes luth\u00e9riens chant\u00e9s \u00e0 l&rsquo;\u00e9glise, &#8230; Devenu aveugle, ce virtuose de la fl\u00fbte \u00e0 bec dicte ces airs qui sont \u00e9dit\u00e9s en 1646 dans le recueil Der Fluyten Lust-Hof, o\u00f9 se croisent le populaire et le savant, le profane et le sacr\u00e9. C&rsquo;est du haut des beffrois que Jacob van Eyck jouait ces m\u00e9lodies au carillon qui rythmaient la vie quotidienne en Hollande au 17\u00e8me si\u00e8cle.<\/p>\n<p style=\"text-align: justify;\">Les m\u00e9lodies servaient surtout de pr\u00e9texte \u00e0 une technique d&rsquo;ornementation et d&rsquo;improvisation propre \u00e0 la musique instrumentale de cette \u00e9poque. A partir d&rsquo;une m\u00e9lodie simple, van Eyck s&rsquo;amusait \u00e0 \u00e9laborer des variations en rythme croissant, donnant une id\u00e9e du niveau d&rsquo;aisance technique et de virtuosit\u00e9 pratiqu\u00e9e alors. Les musiciens nous proposent d&rsquo;entendre ces m\u00e9lodies au moment o\u00f9 leur destin croise celui de Jacob van Eyck. Le programme illustre surtout la vitalit\u00e9 et la mobilit\u00e9 de ces m\u00e9lodies.<\/p>\n<p style=\"text-align: justify;\">En effet, chacune d&rsquo;elle recueille une infinit\u00e9 de sources, d&rsquo;abord vocales, dont la plupart sont devenues \u00e0 l&rsquo;\u00e9poque, en traversant l&rsquo;Europe, de v\u00e9ritables \u00ab\u00a0tubes\u00a0\u00bb. Par exemple, une m\u00e9lodie peut trouver son origine dans un air de cour en France, se parer d&rsquo;un texte sacr\u00e9 en Hollande, convenir \u00e0 l&rsquo;\u00e9criture harmonique, idiomatique d&rsquo;un luth ou d&rsquo;un virginal ou \u00eatre utilis\u00e9 par un violon et une basse continue.<\/p>\n<p style=\"text-align: justify;\"><img loading=\"lazy\" decoding=\"async\" class=\"aligncenter size-large wp-image-835\" src=\"http:\/\/www.le-masque.com\/wp2\/wp-content\/uploads\/2018\/12\/2018.12.21.affiche_diffusion-724x1024.jpg\" alt=\"2018.12.21.affiche_diffusion\" width=\"640\" height=\"905\" srcset=\"http:\/\/www.le-masque.com\/wp2\/wp-content\/uploads\/2018\/12\/2018.12.21.affiche_diffusion-724x1024.jpg 724w, http:\/\/www.le-masque.com\/wp2\/wp-content\/uploads\/2018\/12\/2018.12.21.affiche_diffusion-212x300.jpg 212w, http:\/\/www.le-masque.com\/wp2\/wp-content\/uploads\/2018\/12\/2018.12.21.affiche_diffusion.jpg 1181w\" sizes=\"(max-width: 640px) 100vw, 640px\" \/><\/p>\n<hr \/>\n<h3><em>\u00ab\u00a0En France et en Italie au 18eme si\u00e8cle\u00a0\u00bb<\/em><\/h3>\n<ul style=\"list-style-type: circle;\">\n<li><em>Du 18 au 24 f\u00e9vrier 2019: Tourn\u00e9e au Liban, \u00e0 Beyrouth, \u00e0 Tripoli, \u00e0 Tyr<\/em><\/li>\n<\/ul>\n<ul>\n<li>Nadine Nassar, soprano<\/li>\n<li>Marc Hervieux, fl\u00fbte \u00e0 bec<\/li>\n<li>Jan Cizmar, theorbe<\/li>\n<\/ul>\n<hr \/>\n<h3><em>\u00ab\u00a0Sonates concertantes en Allemagne\u00a0\u00bb<\/em><\/h3>\n<ul style=\"list-style-type: circle;\">\n<li><em>Dimanche 10 mars 2019 \u00e0 17h: Strasbourg \u2013 Eglise protestante Saint-Pierre-le-Vieux<\/em><\/li>\n<\/ul>\n<ul>\n<li>Marc Hervieux, fl\u00fbte \u00e0 bec<\/li>\n<li>Martin Gester, clavecin<\/li>\n<\/ul>\n<p style=\"text-align: justify;\">Aborder la musique de J. S. Bach de mani\u00e8re g\u00e9n\u00e9rale n&rsquo;est jamais une aventure facile, surtout quand il s&rsquo;agit de sonates \u00e9crites pour un autre instrument, en l&rsquo;occurrence le traverso. Transpos\u00e9es dans de nouvelles tonalit\u00e9s, les sonates propos\u00e9es d\u00e9concertent d&rsquo;abord dans leur configuration en trio, proposant un dialogue continu entre la fl\u00fbte et la main droite du clavier pendant que la main gauche joue la basse, imperturbable.<\/p>\n<p style=\"text-align: justify;\">Ainsi, l&rsquo;enchev\u00eatrement de ces trois voix donne \u00e0 ces oeuvres une grande densit\u00e9, comme si la musique s&rsquo;inscrivait dans le mouvement perp\u00e9tuel d&rsquo;un moulin&#8230; Il y a dans ces sonates pour fl\u00fbte et clavecin \u00ab\u00a0obigato\u00a0\u00bb\u00a0 une grande s\u00e9r\u00e9nit\u00e9 et \u00e0 la fois une douce all\u00e9gresse \u00e0 l&rsquo;image d&rsquo;un ruisseau qui s&rsquo;\u00e9coule.<\/p>\n<p style=\"text-align: justify;\">Dans un style plus italien, des sonates riches de contrastes pour fl\u00fbte et basse-continue de Haendel et de Telemann, \u00e0 la fois tendres ou tristes\u00a0 dans les mouvements lents et tr\u00e8s virtuoses dans les mouvements rapides, rappelant l&rsquo;influence du style vocal de cette \u00e9poque.<\/p>\n<p><a href=\"http:\/\/www.le-masque.com\/wp2\/wp-content\/uploads\/2019\/03\/Programme-10-mars-2019.pdf\">Programme<\/a><\/p>\n<p style=\"text-align: center;\"><img loading=\"lazy\" decoding=\"async\" class=\"aligncenter size-large wp-image-857\" src=\"http:\/\/www.le-masque.com\/wp2\/wp-content\/uploads\/2019\/02\/2019.03.10.affiche_diffusion-724x1024.jpg\" alt=\"\" width=\"640\" height=\"905\" srcset=\"http:\/\/www.le-masque.com\/wp2\/wp-content\/uploads\/2019\/02\/2019.03.10.affiche_diffusion-724x1024.jpg 724w, http:\/\/www.le-masque.com\/wp2\/wp-content\/uploads\/2019\/02\/2019.03.10.affiche_diffusion-212x300.jpg 212w, http:\/\/www.le-masque.com\/wp2\/wp-content\/uploads\/2019\/02\/2019.03.10.affiche_diffusion.jpg 1181w\" sizes=\"(max-width: 640px) 100vw, 640px\" \/><\/p>\n<p style=\"text-align: center;\"><img loading=\"lazy\" decoding=\"async\" class=\"aligncenter size-full wp-image-870\" src=\"http:\/\/www.le-masque.com\/wp2\/wp-content\/uploads\/2019\/03\/Sonates-allemandes.jpg\" alt=\"\" width=\"538\" height=\"876\" srcset=\"http:\/\/www.le-masque.com\/wp2\/wp-content\/uploads\/2019\/03\/Sonates-allemandes.jpg 538w, http:\/\/www.le-masque.com\/wp2\/wp-content\/uploads\/2019\/03\/Sonates-allemandes-184x300.jpg 184w\" sizes=\"(max-width: 538px) 100vw, 538px\" \/><\/p>\n<hr \/>\n<h3><em>\u00ab\u00a0Vivaldi et Venise, confidences et secrets\u00a0\u00bb <\/em><\/h3>\n<ul style=\"list-style-type: circle;\">\n<li><em>Dimanche 5 mai 2019 \u00e0 17h: Strasbourg \u2013 Eglise protestante Saint-Pierre-le-Vieux<\/em><\/li>\n<\/ul>\n<ul>\n<li>Ir\u00e8ne Michaelidis, com\u00e9dienne<\/li>\n<li>Aniella Zins, soprano<\/li>\n<li>Marc Hervieux, fl\u00fbte \u00e0 bec<\/li>\n<li>Chantal Baeumler, viole de gambe ou Kevin Bourdat<\/li>\n<li>Jean-S\u00e9bastien Kuhnel, th\u00e9orbe<\/li>\n<li>Eva Valtova, clavecin<\/li>\n<\/ul>\n<p style=\"text-align: justify;\">C&rsquo;est \u00e0 travers les yeux d&rsquo;une jeune femme que ce programme se d\u00e9roule.<\/p>\n<p style=\"text-align: justify;\">Elle est violoniste \u00e0 l&rsquo;Ospedale della Piet\u00e0, l&rsquo;un des plus c\u00e9l\u00e8bres conservatoires venitiens qui accueillaient de jeunes orphelines d\u00e9sh\u00e9rit\u00e9es.<\/p>\n<p style=\"text-align: justify;\">Ces jeunes filles recevaient une \u00e9ducation musicale tr\u00e8s pouss\u00e9e, dans la pratique du chant et des instruments, et offraient \u00e0 leur illustre ma\u00eetre de chapelle et professeur de violon, Antonio Vivaldi, une source id\u00e9ale pour la r\u00e9alisation de ses \u0153uvres.<\/p>\n<p style=\"text-align: justify;\">Au c\u0153ur de ce concert, elle nous livre ses passions, pour la musique qui la d\u00e9vore au quotidien, pour Venise et ses myst\u00e8res, pour le Carnaval et ses f\u00eates vertigineuses, pour la lagune et ses nuits hant\u00e9es par une profonde tristesse&#8230;<\/p>\n<p style=\"text-align: justify;\">Entre confidences et secrets, la musique de Vivaldi r\u00e9sonne !<\/p>\n<p style=\"text-align: justify;\">Au programme, des airs d&rsquo;op\u00e9ra et de cantates, des extraits de sonates et de concerti, des transcriptions pleines d&rsquo;audace et d&rsquo;extravagance.<\/p>\n<p><img loading=\"lazy\" decoding=\"async\" class=\"aligncenter size-large wp-image-878\" src=\"http:\/\/www.le-masque.com\/wp2\/wp-content\/uploads\/2019\/04\/2019.05.05.affiche-724x1024.jpg\" alt=\"\" width=\"640\" height=\"905\" srcset=\"http:\/\/www.le-masque.com\/wp2\/wp-content\/uploads\/2019\/04\/2019.05.05.affiche-724x1024.jpg 724w, http:\/\/www.le-masque.com\/wp2\/wp-content\/uploads\/2019\/04\/2019.05.05.affiche-212x300.jpg 212w\" sizes=\"(max-width: 640px) 100vw, 640px\" \/><\/p>\n<hr \/>\n<h3 style=\"text-align: justify;\"><em>\u00ab\u00a0Le Cantique des cantiques\u00a0\u00bb<\/em><\/h3>\n<ul style=\"list-style-type: circle;\">\n<li style=\"text-align: justify;\"><em>19 mai 2019: Mulhouse,\u00a0 \u00e0 l\u2019\u00e9glise Ste Marie<\/em><\/li>\n<\/ul>\n<ul>\n<li>Aniella Zins, soprano<\/li>\n<li>Marc Hervieux, fl\u00fbte \u00e0 bec<\/li>\n<li>Chantal Baeumler, viole de gambe<\/li>\n<li>Jean-Sebastien Kuhnel, theorbe<\/li>\n<\/ul>\n<hr \/>\n<h3 style=\"text-align: justify;\"><em>\u00ab\u00a0Dialogue insolite\u00a0\u00bb<\/em><\/h3>\n<p style=\"text-align: justify;\"><strong>Autour de JS Bach et GF Haendel<\/strong><\/p>\n<ul style=\"list-style-type: circle;\">\n<li style=\"text-align: justify;\"><em>Samedi 8 juin 2019: Selestat,\u00a0 \u00e0 l\u2019\u00e9glise protestante.<\/em><\/li>\n<li style=\"text-align: justify;\"><em>Dimanche 9 juin 2019: Mulhouse,\u00a0\u00a0 \u00e0 l\u2019 \u00e9glise Ste Marie.<\/em><\/li>\n<\/ul>\n<ul style=\"list-style-type: disc;\">\n<li>Marc Hervieux, fl\u00fbte \u00e0 bec.<\/li>\n<li>Bogdan Nesterenko, accord\u00e9on de concert.<\/li>\n<\/ul>\n<p style=\"text-align: center;\"><img loading=\"lazy\" decoding=\"async\" class=\"aligncenter size-large wp-image-884\" src=\"http:\/\/www.le-masque.com\/wp2\/wp-content\/uploads\/2019\/05\/2019.06.08.affiche_diffusion-724x1024.jpg\" alt=\"\" width=\"640\" height=\"905\" srcset=\"http:\/\/www.le-masque.com\/wp2\/wp-content\/uploads\/2019\/05\/2019.06.08.affiche_diffusion-724x1024.jpg 724w, http:\/\/www.le-masque.com\/wp2\/wp-content\/uploads\/2019\/05\/2019.06.08.affiche_diffusion-212x300.jpg 212w, http:\/\/www.le-masque.com\/wp2\/wp-content\/uploads\/2019\/05\/2019.06.08.affiche_diffusion.jpg 1181w\" sizes=\"(max-width: 640px) 100vw, 640px\" \/><\/p>\n<hr \/>\n<h3><em>\u00ab\u00a0Belles Danses pour une Demoiselle\u00a0\u00bb<\/em><\/h3>\n<p><strong>Trios de Marin Marais<br \/>\n<\/strong><\/p>\n<ul style=\"list-style-type: circle;\">\n<li><em>Samedi 22 juin 2019 \u00e0 20h30: Strasbourg \u2013 Eglise protestante Saint-Pierre-le-Vieux<\/em><\/li>\n<li><em>Dimanche 23 juin 2019: Saverne &#8211; Palais des Rohan, salle Marie-Antoinette<\/em><\/li>\n<li><em>Juillet 2019: Tch\u00e9quie, au Ch\u00e2teau de Bucovice d\u00e9but juillet 2019<\/em><\/li>\n<\/ul>\n<ul>\n<li>Emmanuel Soulhat, danseur<\/li>\n<li>Elyse Pasquier, danseuse<\/li>\n<li>Marc Hervieux, fl\u00fbte \u00e0 bec<\/li>\n<li>Marta Kratochvilova, traverso<\/li>\n<li>Kevin Bourdat, viole de gambe<\/li>\n<li>Jan Cizmar, th\u00e9orbe<\/li>\n<li>Eva Valtova, clavecin<\/li>\n<\/ul>\n<p style=\"text-align: justify;\">Cela fait quelques ann\u00e9es que l\u2019ensemble de musique baroque <strong>\u00ab\u00a0le Masque\u00a0\u00bb<\/strong> et\u00a0 <strong>\u00ab\u00a0Plaisirs de musique<\/strong> \u00bb, cr\u00e9\u00e9 par le th\u00e9orbiste et guitariste tch\u00e8que Jan Cizmar se croisent. Li\u00e9s par une recherche du r\u00e9pertoire\u00a0 de l\u2019Europe musicale des\u00a0 17<sup>\u00e8me<\/sup>\u00a0 et \u00a0des\u00a0 18<sup>\u00e8me<\/sup> si\u00e8cles, ces deux ensembles\u00a0 aiment\u00a0 associer \u00e0 la musique d\u2019autres formes d\u2019expression, la po\u00e9sie, le th\u00e9\u00e2tre, la danse. Apr\u00e8s plusieurs rencontres autour de programmes consacr\u00e9s \u00a0\u00e0 Telemann, \u00e0 \u00a0la musique de l\u2019Empereur L\u00e9opold sortie de la Biblioth\u00e8que du Ch\u00e2teau de Cromeriz, aux sonates en trio de G. Sammartini , les musiciens tch\u00e8ques et fran\u00e7ais s\u2019associent pour faire voir et entendre les <strong>Pi\u00e8ces en trio de Marin Marais<\/strong>, chor\u00e9graphi\u00e9es par le danseur <strong>Emanuel Soulhat.\u00a0 <\/strong>En effet\u00a0 \u00e0 ce jour, aucune\u00a0 trace chor\u00e9graphique\u00a0 de ces trios existe\u2026\u00a0\u00a0 Dans la pr\u00e9face, Il fait \u00e9tat que ces pi\u00e8ces publi\u00e9es en 1692 et inspir\u00e9es par Jean- Baptiste Lully, le ma\u00eetre de Marais, ont \u00e9t\u00e9 \u00e9crites et jou\u00e9es pour le service de la Chambre du Roi. Ces sarabandes, menuets rigaudons et autres passacailles \u00e9taient d\u2019abord compos\u00e9es\u00a0 en pensant \u00e0 la danse, art et pratique omnipr\u00e9sents\u00a0 \u00e0 la Cour de Versailles vers la fin du 17<sup>\u00e8me<\/sup> si\u00e8cle.\u00a0 C\u2019est \u00a0dans \u00a0dans cet esprit\u00a0 que les fl\u00fbtes, la viole le th\u00e9orbe et le clavecin vont trouver les couleurs et les caract\u00e8res pour sentir et accompagner les pas et mouvements des deux danseurs, Emanuel \u00a0Soulhat et Isabel\u00a0 Devaux. De la musique, de la danse, mais ce sera aussi l\u2019occasion de d\u00e9masquer et d\u00e9couvrir\u00a0 la myst\u00e9rieuse Mademoiselle \u00a0Roland, \u00e0 qui Marin Marais adresse ses Trios. <strong>\u00a0\u00a0\u00a0\u00a0\u00a0\u00a0\u00a0\u00a0\u00a0\u00a0\u00a0\u00a0\u00a0\u00a0\u00a0\u00a0\u00a0\u00a0\u00a0\u00a0\u00a0\u00a0 <\/strong>En a\u00f4ut, ce programme va \u00eatre au c\u0153ur de \u00a0<strong>l\u2019 Acad\u00e9mie de musique baroque<\/strong> que le Masque anime depuis pr\u00e8s de quinze ans \u00e0 Neuwiller-les-Saverne \u00a0dans le nord de l\u2019 Alsace. Du 19 au 25 ao\u00fbt, les stagiaires pourront\u00a0 s\u2019initier \u00e0 la danse baroque pendant toute la dur\u00e9e de\u00a0 l&rsquo;Acad\u00e9mie. Un travail d\u2019interpr\u00e9tation sur la musique instrumentale fran\u00e7aise sera abord\u00e9 en partant de la compr\u00e9hension de la carrure des danses et de leurs caract\u00e8res.<\/p>\n<p style=\"text-align: justify;\"><strong>Ce concert dans\u00e9 sera suivi d\u2019un Bal improvis\u00e9 auquel nous invitons le public. Ainsi les personnes pourront danser sur les conseils du chor\u00e9graphe Emmanuel Soulhat\u00a0 et accompagn\u00e9s par les musiciens du Masque.<\/strong><\/p>\n<p style=\"text-align: center;\"><img loading=\"lazy\" decoding=\"async\" class=\"aligncenter size-large wp-image-895\" src=\"http:\/\/www.le-masque.com\/wp2\/wp-content\/uploads\/2019\/06\/2019.06.22.affiche_diffusion-724x1024.jpg\" alt=\"\" width=\"640\" height=\"905\" srcset=\"http:\/\/www.le-masque.com\/wp2\/wp-content\/uploads\/2019\/06\/2019.06.22.affiche_diffusion-724x1024.jpg 724w, http:\/\/www.le-masque.com\/wp2\/wp-content\/uploads\/2019\/06\/2019.06.22.affiche_diffusion-212x300.jpg 212w, http:\/\/www.le-masque.com\/wp2\/wp-content\/uploads\/2019\/06\/2019.06.22.affiche_diffusion.jpg 1181w\" sizes=\"(max-width: 640px) 100vw, 640px\" \/><\/p>\n","protected":false},"excerpt":{"rendered":"<p>\u00ab\u00a0Dialogue insolite\u00a0\u00bb Autour de JS Bach et GF Haendel Samedi 17 novembre 2018: Neuwiller-les-Saverne, aux EUL Ethic \u00e9tapes. Marc Hervieux, fl\u00fbte \u00e0 bec. Bogdan Nesterenko, accord\u00e9on de concert. \u00ab\u00a0Boismortier ou les Go\u00fbts r\u00e9unis\u00a0\u00bb Dimanche 25 novembre 2018 \u00e0 17h: Strasbourg \u2013 Eglise protestante Saint-Pierre-le-Vieux Marc Hervieux, fl\u00fbte \u00e0 bec Chantal Baeumler, viole de gambe Jean-S\u00e9bastien [&hellip;]<\/p>\n","protected":false},"author":1,"featured_media":0,"parent":930,"menu_order":0,"comment_status":"closed","ping_status":"closed","template":"","meta":{"footnotes":""},"_links":{"self":[{"href":"http:\/\/www.le-masque.com\/wp2\/wp-json\/wp\/v2\/pages\/809"}],"collection":[{"href":"http:\/\/www.le-masque.com\/wp2\/wp-json\/wp\/v2\/pages"}],"about":[{"href":"http:\/\/www.le-masque.com\/wp2\/wp-json\/wp\/v2\/types\/page"}],"author":[{"embeddable":true,"href":"http:\/\/www.le-masque.com\/wp2\/wp-json\/wp\/v2\/users\/1"}],"replies":[{"embeddable":true,"href":"http:\/\/www.le-masque.com\/wp2\/wp-json\/wp\/v2\/comments?post=809"}],"version-history":[{"count":25,"href":"http:\/\/www.le-masque.com\/wp2\/wp-json\/wp\/v2\/pages\/809\/revisions"}],"predecessor-version":[{"id":896,"href":"http:\/\/www.le-masque.com\/wp2\/wp-json\/wp\/v2\/pages\/809\/revisions\/896"}],"up":[{"embeddable":true,"href":"http:\/\/www.le-masque.com\/wp2\/wp-json\/wp\/v2\/pages\/930"}],"wp:attachment":[{"href":"http:\/\/www.le-masque.com\/wp2\/wp-json\/wp\/v2\/media?parent=809"}],"curies":[{"name":"wp","href":"https:\/\/api.w.org\/{rel}","templated":true}]}}